{"id":25308,"date":"2026-09-01T11:23:41","date_gmt":"2026-09-01T09:23:41","guid":{"rendered":"https:\/\/visitfinaleligure.it\/esperienza\/lassu-dove-non-si-vedeva-il-cielo-mudif-2\/"},"modified":"2026-09-01T11:23:41","modified_gmt":"2026-09-01T09:23:41","slug":"lassu-dove-non-si-vedeva-il-cielo-mudif-2","status":"publish","type":"esperienza","link":"https:\/\/visitfinaleligure.it\/de\/esperienza\/lassu-dove-non-si-vedeva-il-cielo-mudif-2\/","title":{"rendered":"Lass\u00f9 dove non si vedeva il cielo &#8211; MUDIF"},"content":{"rendered":"<p>Die <b>gef\u00fchrte Tour zum mittelalterlichen Glockenturm <\/b>der Kirche Santa Caterina in Finalborgo, mit dem angrenzenden Kloster, das 1864 in ein Gef\u00e4ngnis umgewandelt wurde, erm\u00f6glicht einen erfahrungsreichen Aufstieg in die Vergangenheit zwischen engen und dunklen Zellen der Strenge.<\/p>\n<p>Nachdem man in die raue Atmosph\u00e4re eines Gef\u00e4ngnisses des 19. Jahrhunderts eingetaucht ist, erreicht man schlie\u00dflich die Spitze des Turms, von wo aus man Finalborgo und die umliegende Landschaft des Finales von oben bewundern kann.<\/p>\n","protected":false},"featured_media":0,"template":"","meta":[],"tipi_servizi":[],"temi_vacanza":[],"classificazioni":[],"class_list":["post-25308","esperienza","type-esperienza","status-publish","hentry"],"yoast_head":"<!-- This site is optimized with the Yoast SEO plugin v28.3 - https:\/\/yoast.com\/product\/yoast-seo-wordpress\/ -->\n<title>Lass\u00f9 dove non si vedeva il cielo - MUDIF - Visit Finale Ligure<\/title>\n<meta name=\"description\" content=\"Die gef\u00fchrte Tour zum mittelalterlichen Glockenturm der Kirche Santa Caterina in Finalborgo, mit dem angrenzenden Kloster, das 1864 in ein Gef\u00e4ngnis\" \/>\n<meta name=\"robots\" content=\"index, follow, max-snippet:-1, max-image-preview:large, max-video-preview:-1\" \/>\n<link rel=\"canonical\" href=\"https:\/\/visitfinaleligure.it\/de\/esperienza\/lassu-dove-non-si-vedeva-il-cielo-mudif-2\/\" \/>\n<meta property=\"og:locale\" content=\"de_DE\" \/>\n<meta property=\"og:type\" content=\"article\" \/>\n<meta property=\"og:title\" content=\"Lass\u00f9 dove non si vedeva il cielo - MUDIF - Visit Finale Ligure\" \/>\n<meta property=\"og:description\" content=\"Die gef\u00fchrte Tour zum mittelalterlichen Glockenturm der Kirche Santa Caterina in Finalborgo, mit dem angrenzenden Kloster, das 1864 in ein Gef\u00e4ngnis\" \/>\n<meta property=\"og:url\" content=\"https:\/\/visitfinaleligure.it\/de\/esperienza\/lassu-dove-non-si-vedeva-il-cielo-mudif-2\/\" \/>\n<meta property=\"og:site_name\" content=\"Visit Finale Ligure\" \/>\n<meta property=\"article:publisher\" content=\"https:\/\/www.facebook.com\/VisitFinaleLigure\" \/>\n<meta property=\"og:image\" content=\"https:\/\/visitfinaleligure.it\/wp-content\/uploads\/2026\/08\/image-818.jpg\" \/>\n\t<meta property=\"og:image:width\" content=\"585\" \/>\n\t<meta property=\"og:image:height\" content=\"880\" \/>\n\t<meta property=\"og:image:type\" content=\"image\/jpeg\" \/>\n<meta name=\"twitter:card\" content=\"summary_large_image\" \/>\n<script type=\"application\/ld+json\" class=\"yoast-schema-graph\">{\"@context\":\"https:\\\/\\\/schema.org\",\"@graph\":[{\"@type\":\"WebPage\",\"@id\":\"https:\\\/\\\/visitfinaleligure.it\\\/de\\\/esperienza\\\/lassu-dove-non-si-vedeva-il-cielo-mudif-2\\\/\",\"url\":\"https:\\\/\\\/visitfinaleligure.it\\\/de\\\/esperienza\\\/lassu-dove-non-si-vedeva-il-cielo-mudif-2\\\/\",\"name\":\"Lass\u00f9 dove non si vedeva il cielo - MUDIF - Visit Finale Ligure\",\"isPartOf\":{\"@id\":\"https:\\\/\\\/visitfinaleligure.it\\\/de\\\/#website\"},\"datePublished\":\"2026-09-01T09:23:41+00:00\",\"description\":\"Die gef\u00fchrte Tour zum mittelalterlichen Glockenturm der Kirche Santa Caterina in Finalborgo, mit dem angrenzenden Kloster, das 1864 in ein Gef\u00e4ngnis\",\"breadcrumb\":{\"@id\":\"https:\\\/\\\/visitfinaleligure.it\\\/de\\\/esperienza\\\/lassu-dove-non-si-vedeva-il-cielo-mudif-2\\\/#breadcrumb\"},\"inLanguage\":\"de\",\"potentialAction\":[{\"@type\":\"ReadAction\",\"target\":[\"https:\\\/\\\/visitfinaleligure.it\\\/de\\\/esperienza\\\/lassu-dove-non-si-vedeva-il-cielo-mudif-2\\\/\"]}]},{\"@type\":\"BreadcrumbList\",\"@id\":\"https:\\\/\\\/visitfinaleligure.it\\\/de\\\/esperienza\\\/lassu-dove-non-si-vedeva-il-cielo-mudif-2\\\/#breadcrumb\",\"itemListElement\":[{\"@type\":\"ListItem\",\"position\":1,\"name\":\"Home\",\"item\":\"https:\\\/\\\/visitfinaleligure.it\\\/de\\\/\"},{\"@type\":\"ListItem\",\"position\":2,\"name\":\"Esperienze\",\"item\":\"https:\\\/\\\/visitfinaleligure.it\\\/de\\\/esperienza\\\/\"},{\"@type\":\"ListItem\",\"position\":3,\"name\":\"Lass\u00f9 dove non si vedeva il cielo &#8211; MUDIF\"}]},{\"@type\":\"WebSite\",\"@id\":\"https:\\\/\\\/visitfinaleligure.it\\\/de\\\/#website\",\"url\":\"https:\\\/\\\/visitfinaleligure.it\\\/de\\\/\",\"name\":\"Visit Finale Ligure\",\"description\":\"My perfect place\",\"publisher\":{\"@id\":\"https:\\\/\\\/visitfinaleligure.it\\\/de\\\/#organization\"},\"potentialAction\":[{\"@type\":\"SearchAction\",\"target\":{\"@type\":\"EntryPoint\",\"urlTemplate\":\"https:\\\/\\\/visitfinaleligure.it\\\/de\\\/?s={search_term_string}\"},\"query-input\":{\"@type\":\"PropertyValueSpecification\",\"valueRequired\":true,\"valueName\":\"search_term_string\"}}],\"inLanguage\":\"de\"},{\"@type\":\"Organization\",\"@id\":\"https:\\\/\\\/visitfinaleligure.it\\\/de\\\/#organization\",\"name\":\"Comune di Finale Ligure\",\"url\":\"https:\\\/\\\/visitfinaleligure.it\\\/de\\\/\",\"logo\":{\"@type\":\"ImageObject\",\"inLanguage\":\"de\",\"@id\":\"https:\\\/\\\/visitfinaleligure.it\\\/de\\\/#\\\/schema\\\/logo\\\/image\\\/\",\"url\":\"https:\\\/\\\/visitfinaleligure.it\\\/wp-content\\\/uploads\\\/2023\\\/04\\\/cropped-finaleligure-verticale-positivo-200x200-1.png\",\"contentUrl\":\"https:\\\/\\\/visitfinaleligure.it\\\/wp-content\\\/uploads\\\/2023\\\/04\\\/cropped-finaleligure-verticale-positivo-200x200-1.png\",\"width\":512,\"height\":512,\"caption\":\"Comune di Finale Ligure\"},\"image\":{\"@id\":\"https:\\\/\\\/visitfinaleligure.it\\\/de\\\/#\\\/schema\\\/logo\\\/image\\\/\"},\"sameAs\":[\"https:\\\/\\\/www.facebook.com\\\/VisitFinaleLigure\",\"https:\\\/\\\/www.instagram.com\\\/visitfinale\\\/\",\"https:\\\/\\\/www.youtube.com\\\/channel\\\/UCLmoLfNmrAt9mSCll9egttw\"]}]}<\/script>\n<!-- \/ Yoast SEO plugin. -->","yoast_head_json":{"title":"Lass\u00f9 dove non si vedeva il cielo - MUDIF - Visit Finale Ligure","description":"Die gef\u00fchrte Tour zum mittelalterlichen Glockenturm der Kirche Santa Caterina in Finalborgo, mit dem angrenzenden Kloster, das 1864 in ein Gef\u00e4ngnis","robots":{"index":"index","follow":"follow","max-snippet":"max-snippet:-1","max-image-preview":"max-image-preview:large","max-video-preview":"max-video-preview:-1"},"canonical":"https:\/\/visitfinaleligure.it\/de\/esperienza\/lassu-dove-non-si-vedeva-il-cielo-mudif-2\/","og_locale":"de_DE","og_type":"article","og_title":"Lass\u00f9 dove non si vedeva il cielo - MUDIF - Visit Finale Ligure","og_description":"Die gef\u00fchrte Tour zum mittelalterlichen Glockenturm der Kirche Santa Caterina in Finalborgo, mit dem angrenzenden Kloster, das 1864 in ein Gef\u00e4ngnis","og_url":"https:\/\/visitfinaleligure.it\/de\/esperienza\/lassu-dove-non-si-vedeva-il-cielo-mudif-2\/","og_site_name":"Visit Finale Ligure","article_publisher":"https:\/\/www.facebook.com\/VisitFinaleLigure","og_image":[{"width":585,"height":880,"url":"https:\/\/visitfinaleligure.it\/wp-content\/uploads\/2026\/08\/image-818.jpg","type":"image\/jpeg"}],"twitter_card":"summary_large_image","schema":{"@context":"https:\/\/schema.org","@graph":[{"@type":"WebPage","@id":"https:\/\/visitfinaleligure.it\/de\/esperienza\/lassu-dove-non-si-vedeva-il-cielo-mudif-2\/","url":"https:\/\/visitfinaleligure.it\/de\/esperienza\/lassu-dove-non-si-vedeva-il-cielo-mudif-2\/","name":"Lass\u00f9 dove non si vedeva il cielo - MUDIF - Visit Finale Ligure","isPartOf":{"@id":"https:\/\/visitfinaleligure.it\/de\/#website"},"datePublished":"2026-09-01T09:23:41+00:00","description":"Die gef\u00fchrte Tour zum mittelalterlichen Glockenturm der Kirche Santa Caterina in Finalborgo, mit dem angrenzenden Kloster, das 1864 in ein Gef\u00e4ngnis","breadcrumb":{"@id":"https:\/\/visitfinaleligure.it\/de\/esperienza\/lassu-dove-non-si-vedeva-il-cielo-mudif-2\/#breadcrumb"},"inLanguage":"de","potentialAction":[{"@type":"ReadAction","target":["https:\/\/visitfinaleligure.it\/de\/esperienza\/lassu-dove-non-si-vedeva-il-cielo-mudif-2\/"]}]},{"@type":"BreadcrumbList","@id":"https:\/\/visitfinaleligure.it\/de\/esperienza\/lassu-dove-non-si-vedeva-il-cielo-mudif-2\/#breadcrumb","itemListElement":[{"@type":"ListItem","position":1,"name":"Home","item":"https:\/\/visitfinaleligure.it\/de\/"},{"@type":"ListItem","position":2,"name":"Esperienze","item":"https:\/\/visitfinaleligure.it\/de\/esperienza\/"},{"@type":"ListItem","position":3,"name":"Lass\u00f9 dove non si vedeva il cielo &#8211; MUDIF"}]},{"@type":"WebSite","@id":"https:\/\/visitfinaleligure.it\/de\/#website","url":"https:\/\/visitfinaleligure.it\/de\/","name":"Visit Finale Ligure","description":"My perfect place","publisher":{"@id":"https:\/\/visitfinaleligure.it\/de\/#organization"},"potentialAction":[{"@type":"SearchAction","target":{"@type":"EntryPoint","urlTemplate":"https:\/\/visitfinaleligure.it\/de\/?s={search_term_string}"},"query-input":{"@type":"PropertyValueSpecification","valueRequired":true,"valueName":"search_term_string"}}],"inLanguage":"de"},{"@type":"Organization","@id":"https:\/\/visitfinaleligure.it\/de\/#organization","name":"Comune di Finale Ligure","url":"https:\/\/visitfinaleligure.it\/de\/","logo":{"@type":"ImageObject","inLanguage":"de","@id":"https:\/\/visitfinaleligure.it\/de\/#\/schema\/logo\/image\/","url":"https:\/\/visitfinaleligure.it\/wp-content\/uploads\/2023\/04\/cropped-finaleligure-verticale-positivo-200x200-1.png","contentUrl":"https:\/\/visitfinaleligure.it\/wp-content\/uploads\/2023\/04\/cropped-finaleligure-verticale-positivo-200x200-1.png","width":512,"height":512,"caption":"Comune di Finale Ligure"},"image":{"@id":"https:\/\/visitfinaleligure.it\/de\/#\/schema\/logo\/image\/"},"sameAs":["https:\/\/www.facebook.com\/VisitFinaleLigure","https:\/\/www.instagram.com\/visitfinale\/","https:\/\/www.youtube.com\/channel\/UCLmoLfNmrAt9mSCll9egttw"]}]}},"_links":{"self":[{"href":"https:\/\/visitfinaleligure.it\/de\/wp-json\/wp\/v2\/esperienza\/25308","targetHints":{"allow":["GET"]}}],"collection":[{"href":"https:\/\/visitfinaleligure.it\/de\/wp-json\/wp\/v2\/esperienza"}],"about":[{"href":"https:\/\/visitfinaleligure.it\/de\/wp-json\/wp\/v2\/types\/esperienza"}],"wp:attachment":[{"href":"https:\/\/visitfinaleligure.it\/de\/wp-json\/wp\/v2\/media?parent=25308"}],"wp:term":[{"taxonomy":"tipi_servizi","embeddable":true,"href":"https:\/\/visitfinaleligure.it\/de\/wp-json\/wp\/v2\/tipi_servizi?post=25308"},{"taxonomy":"temi_vacanza","embeddable":true,"href":"https:\/\/visitfinaleligure.it\/de\/wp-json\/wp\/v2\/temi_vacanza?post=25308"},{"taxonomy":"classificazioni","embeddable":true,"href":"https:\/\/visitfinaleligure.it\/de\/wp-json\/wp\/v2\/classificazioni?post=25308"}],"curies":[{"name":"wp","href":"https:\/\/api.w.org\/{rel}","templated":true}]}}