{"id":23795,"date":"2026-08-27T11:19:46","date_gmt":"2026-08-27T09:19:46","guid":{"rendered":"https:\/\/visitfinaleligure.it\/evento\/manietudo-festival-2\/"},"modified":"2026-08-27T11:19:46","modified_gmt":"2026-08-27T09:19:46","slug":"manietudo-festival-2","status":"publish","type":"evento","link":"https:\/\/visitfinaleligure.it\/de\/evento\/manietudo-festival-2\/","title":{"rendered":"Manietudo Festival"},"content":{"rendered":"<p>Das Manietudo Festival, das 2024 ins Leben gerufen wurde, ist eine Veranstaltung, die dem westlichen Ligurien neues Leben einhauchen m\u00f6chte, mit einem reichhaltigen Angebot an Musik, Kunst und lokalen gastronomischen Produkten.<\/p>\n<p>Das Festival zeichnet sich durch die gesellige und entspannte Atmosph\u00e4re aus, die es f\u00fcr Menschen unterschiedlichen Alters zug\u00e4nglich und beliebt macht.<\/p>\n<p>Die Initiative umfasst Verb\u00e4nde und Organisationen, die mit ihrem Engagement dazu beitragen, ein Netzwerk von Kooperationen zu schaffen, das die Veranstaltung authentisch und repr\u00e4sentativ f\u00fcr die Gemeinschaft macht.<\/p>\n<p>Das Programm des Manietudofestival &#8211; nat\u00fcrliche Magnet, Ausgabe 2026, wird ver\u00f6ffentlicht, sobald es verf\u00fcgbar ist.<\/p>\n<p>  !  Alles auf der Website &#8211; <a href=\"https:\/\/www.manietudo.it\/\">https:\/\/www.manietudo.it\/<\/a><\/p>\n","protected":false},"featured_media":0,"template":"","meta":[],"localita":[234],"temi_vacanza":[1365,1372],"classificazioni":[1368,1374],"eventi_seriali":[],"servizi":[1411,1413,1412],"class_list":["post-23795","evento","type-evento","status-publish","hentry","localita-manie","temi_vacanza-cultura","temi_vacanza-relax-lifestyle","classificazioni-cultura","classificazioni-relax-lifestyle","servizi-disco","servizi-dj-set","servizi-live-band"],"yoast_head":"<!-- This site is optimized with the Yoast SEO plugin v28.3 - https:\/\/yoast.com\/product\/yoast-seo-wordpress\/ -->\n<title>Manietudo Festival - Visit Finale Ligure<\/title>\n<meta name=\"description\" content=\"Das Manietudo Festival, das 2024 ins Leben gerufen wurde, ist eine Veranstaltung, die dem westlichen Ligurien neues Leben einhauchen m\u00f6chte, mit einem\" \/>\n<meta name=\"robots\" content=\"index, follow, max-snippet:-1, max-image-preview:large, max-video-preview:-1\" \/>\n<link rel=\"canonical\" href=\"https:\/\/visitfinaleligure.it\/de\/evento\/manietudo-festival-2\/\" \/>\n<meta property=\"og:locale\" content=\"de_DE\" \/>\n<meta property=\"og:type\" content=\"article\" \/>\n<meta property=\"og:title\" content=\"Manietudo Festival - Visit Finale Ligure\" \/>\n<meta property=\"og:description\" content=\"Das Manietudo Festival, das 2024 ins Leben gerufen wurde, ist eine Veranstaltung, die dem westlichen Ligurien neues Leben einhauchen m\u00f6chte, mit einem\" \/>\n<meta property=\"og:url\" content=\"https:\/\/visitfinaleligure.it\/de\/evento\/manietudo-festival-2\/\" \/>\n<meta property=\"og:site_name\" content=\"Visit Finale Ligure\" \/>\n<meta property=\"article:publisher\" content=\"https:\/\/www.facebook.com\/VisitFinaleLigure\" \/>\n<meta property=\"og:image\" content=\"https:\/\/visitfinaleligure.it\/wp-content\/uploads\/2023\/03\/Capo-caprazoppa-1-1.jpg\" \/>\n\t<meta property=\"og:image:width\" content=\"2500\" \/>\n\t<meta property=\"og:image:height\" content=\"1405\" \/>\n\t<meta property=\"og:image:type\" content=\"image\/jpeg\" \/>\n<meta name=\"twitter:card\" content=\"summary_large_image\" \/>\n<meta name=\"twitter:label1\" content=\"Gesch\u00e4tzte Lesezeit\" \/>\n\t<meta name=\"twitter:data1\" content=\"1\u00a0Minute\" \/>\n<script type=\"application\/ld+json\" class=\"yoast-schema-graph\">{\"@context\":\"https:\\\/\\\/schema.org\",\"@graph\":[{\"@type\":\"WebPage\",\"@id\":\"https:\\\/\\\/visitfinaleligure.it\\\/de\\\/evento\\\/manietudo-festival-2\\\/\",\"url\":\"https:\\\/\\\/visitfinaleligure.it\\\/de\\\/evento\\\/manietudo-festival-2\\\/\",\"name\":\"Manietudo Festival - Visit Finale Ligure\",\"isPartOf\":{\"@id\":\"https:\\\/\\\/visitfinaleligure.it\\\/de\\\/#website\"},\"datePublished\":\"2026-08-27T09:19:46+00:00\",\"description\":\"Das Manietudo Festival, das 2024 ins Leben gerufen wurde, ist eine Veranstaltung, die dem westlichen Ligurien neues Leben einhauchen m\u00f6chte, mit einem\",\"breadcrumb\":{\"@id\":\"https:\\\/\\\/visitfinaleligure.it\\\/de\\\/evento\\\/manietudo-festival-2\\\/#breadcrumb\"},\"inLanguage\":\"de\",\"potentialAction\":[{\"@type\":\"ReadAction\",\"target\":[\"https:\\\/\\\/visitfinaleligure.it\\\/de\\\/evento\\\/manietudo-festival-2\\\/\"]}]},{\"@type\":\"BreadcrumbList\",\"@id\":\"https:\\\/\\\/visitfinaleligure.it\\\/de\\\/evento\\\/manietudo-festival-2\\\/#breadcrumb\",\"itemListElement\":[{\"@type\":\"ListItem\",\"position\":1,\"name\":\"Home\",\"item\":\"https:\\\/\\\/visitfinaleligure.it\\\/de\\\/\"},{\"@type\":\"ListItem\",\"position\":2,\"name\":\"Eventi\",\"item\":\"https:\\\/\\\/visitfinaleligure.it\\\/de\\\/evento\\\/\"},{\"@type\":\"ListItem\",\"position\":3,\"name\":\"Manietudo Festival\"}]},{\"@type\":\"WebSite\",\"@id\":\"https:\\\/\\\/visitfinaleligure.it\\\/de\\\/#website\",\"url\":\"https:\\\/\\\/visitfinaleligure.it\\\/de\\\/\",\"name\":\"Visit Finale Ligure\",\"description\":\"My perfect place\",\"publisher\":{\"@id\":\"https:\\\/\\\/visitfinaleligure.it\\\/de\\\/#organization\"},\"potentialAction\":[{\"@type\":\"SearchAction\",\"target\":{\"@type\":\"EntryPoint\",\"urlTemplate\":\"https:\\\/\\\/visitfinaleligure.it\\\/de\\\/?s={search_term_string}\"},\"query-input\":{\"@type\":\"PropertyValueSpecification\",\"valueRequired\":true,\"valueName\":\"search_term_string\"}}],\"inLanguage\":\"de\"},{\"@type\":\"Organization\",\"@id\":\"https:\\\/\\\/visitfinaleligure.it\\\/de\\\/#organization\",\"name\":\"Comune di Finale Ligure\",\"url\":\"https:\\\/\\\/visitfinaleligure.it\\\/de\\\/\",\"logo\":{\"@type\":\"ImageObject\",\"inLanguage\":\"de\",\"@id\":\"https:\\\/\\\/visitfinaleligure.it\\\/de\\\/#\\\/schema\\\/logo\\\/image\\\/\",\"url\":\"https:\\\/\\\/visitfinaleligure.it\\\/wp-content\\\/uploads\\\/2023\\\/04\\\/cropped-finaleligure-verticale-positivo-200x200-1.png\",\"contentUrl\":\"https:\\\/\\\/visitfinaleligure.it\\\/wp-content\\\/uploads\\\/2023\\\/04\\\/cropped-finaleligure-verticale-positivo-200x200-1.png\",\"width\":512,\"height\":512,\"caption\":\"Comune di Finale Ligure\"},\"image\":{\"@id\":\"https:\\\/\\\/visitfinaleligure.it\\\/de\\\/#\\\/schema\\\/logo\\\/image\\\/\"},\"sameAs\":[\"https:\\\/\\\/www.facebook.com\\\/VisitFinaleLigure\",\"https:\\\/\\\/www.instagram.com\\\/visitfinale\\\/\",\"https:\\\/\\\/www.youtube.com\\\/channel\\\/UCLmoLfNmrAt9mSCll9egttw\"]}]}<\/script>\n<!-- \/ Yoast SEO plugin. -->","yoast_head_json":{"title":"Manietudo Festival - Visit Finale Ligure","description":"Das Manietudo Festival, das 2024 ins Leben gerufen wurde, ist eine Veranstaltung, die dem westlichen Ligurien neues Leben einhauchen m\u00f6chte, mit einem","robots":{"index":"index","follow":"follow","max-snippet":"max-snippet:-1","max-image-preview":"max-image-preview:large","max-video-preview":"max-video-preview:-1"},"canonical":"https:\/\/visitfinaleligure.it\/de\/evento\/manietudo-festival-2\/","og_locale":"de_DE","og_type":"article","og_title":"Manietudo Festival - Visit Finale Ligure","og_description":"Das Manietudo Festival, das 2024 ins Leben gerufen wurde, ist eine Veranstaltung, die dem westlichen Ligurien neues Leben einhauchen m\u00f6chte, mit einem","og_url":"https:\/\/visitfinaleligure.it\/de\/evento\/manietudo-festival-2\/","og_site_name":"Visit Finale Ligure","article_publisher":"https:\/\/www.facebook.com\/VisitFinaleLigure","og_image":[{"width":2500,"height":1405,"url":"https:\/\/visitfinaleligure.it\/wp-content\/uploads\/2023\/03\/Capo-caprazoppa-1-1.jpg","type":"image\/jpeg"}],"twitter_card":"summary_large_image","twitter_misc":{"Gesch\u00e4tzte Lesezeit":"1\u00a0Minute"},"schema":{"@context":"https:\/\/schema.org","@graph":[{"@type":"WebPage","@id":"https:\/\/visitfinaleligure.it\/de\/evento\/manietudo-festival-2\/","url":"https:\/\/visitfinaleligure.it\/de\/evento\/manietudo-festival-2\/","name":"Manietudo Festival - Visit Finale Ligure","isPartOf":{"@id":"https:\/\/visitfinaleligure.it\/de\/#website"},"datePublished":"2026-08-27T09:19:46+00:00","description":"Das Manietudo Festival, das 2024 ins Leben gerufen wurde, ist eine Veranstaltung, die dem westlichen Ligurien neues Leben einhauchen m\u00f6chte, mit einem","breadcrumb":{"@id":"https:\/\/visitfinaleligure.it\/de\/evento\/manietudo-festival-2\/#breadcrumb"},"inLanguage":"de","potentialAction":[{"@type":"ReadAction","target":["https:\/\/visitfinaleligure.it\/de\/evento\/manietudo-festival-2\/"]}]},{"@type":"BreadcrumbList","@id":"https:\/\/visitfinaleligure.it\/de\/evento\/manietudo-festival-2\/#breadcrumb","itemListElement":[{"@type":"ListItem","position":1,"name":"Home","item":"https:\/\/visitfinaleligure.it\/de\/"},{"@type":"ListItem","position":2,"name":"Eventi","item":"https:\/\/visitfinaleligure.it\/de\/evento\/"},{"@type":"ListItem","position":3,"name":"Manietudo Festival"}]},{"@type":"WebSite","@id":"https:\/\/visitfinaleligure.it\/de\/#website","url":"https:\/\/visitfinaleligure.it\/de\/","name":"Visit Finale Ligure","description":"My perfect place","publisher":{"@id":"https:\/\/visitfinaleligure.it\/de\/#organization"},"potentialAction":[{"@type":"SearchAction","target":{"@type":"EntryPoint","urlTemplate":"https:\/\/visitfinaleligure.it\/de\/?s={search_term_string}"},"query-input":{"@type":"PropertyValueSpecification","valueRequired":true,"valueName":"search_term_string"}}],"inLanguage":"de"},{"@type":"Organization","@id":"https:\/\/visitfinaleligure.it\/de\/#organization","name":"Comune di Finale Ligure","url":"https:\/\/visitfinaleligure.it\/de\/","logo":{"@type":"ImageObject","inLanguage":"de","@id":"https:\/\/visitfinaleligure.it\/de\/#\/schema\/logo\/image\/","url":"https:\/\/visitfinaleligure.it\/wp-content\/uploads\/2023\/04\/cropped-finaleligure-verticale-positivo-200x200-1.png","contentUrl":"https:\/\/visitfinaleligure.it\/wp-content\/uploads\/2023\/04\/cropped-finaleligure-verticale-positivo-200x200-1.png","width":512,"height":512,"caption":"Comune di Finale Ligure"},"image":{"@id":"https:\/\/visitfinaleligure.it\/de\/#\/schema\/logo\/image\/"},"sameAs":["https:\/\/www.facebook.com\/VisitFinaleLigure","https:\/\/www.instagram.com\/visitfinale\/","https:\/\/www.youtube.com\/channel\/UCLmoLfNmrAt9mSCll9egttw"]}]}},"_links":{"self":[{"href":"https:\/\/visitfinaleligure.it\/de\/wp-json\/wp\/v2\/evento\/23795","targetHints":{"allow":["GET"]}}],"collection":[{"href":"https:\/\/visitfinaleligure.it\/de\/wp-json\/wp\/v2\/evento"}],"about":[{"href":"https:\/\/visitfinaleligure.it\/de\/wp-json\/wp\/v2\/types\/evento"}],"wp:attachment":[{"href":"https:\/\/visitfinaleligure.it\/de\/wp-json\/wp\/v2\/media?parent=23795"}],"wp:term":[{"taxonomy":"localita","embeddable":true,"href":"https:\/\/visitfinaleligure.it\/de\/wp-json\/wp\/v2\/localita?post=23795"},{"taxonomy":"temi_vacanza","embeddable":true,"href":"https:\/\/visitfinaleligure.it\/de\/wp-json\/wp\/v2\/temi_vacanza?post=23795"},{"taxonomy":"classificazioni","embeddable":true,"href":"https:\/\/visitfinaleligure.it\/de\/wp-json\/wp\/v2\/classificazioni?post=23795"},{"taxonomy":"eventi_seriali","embeddable":true,"href":"https:\/\/visitfinaleligure.it\/de\/wp-json\/wp\/v2\/eventi_seriali?post=23795"},{"taxonomy":"servizi","embeddable":true,"href":"https:\/\/visitfinaleligure.it\/de\/wp-json\/wp\/v2\/servizi?post=23795"}],"curies":[{"name":"wp","href":"https:\/\/api.w.org\/{rel}","templated":true}]}}