{"id":23404,"date":"2026-08-27T11:07:39","date_gmt":"2026-08-27T09:07:39","guid":{"rendered":"https:\/\/visitfinaleligure.it\/struttura\/i-campi-di-lino-2\/"},"modified":"2026-08-27T11:07:39","modified_gmt":"2026-08-27T09:07:39","slug":"i-campi-di-lino-2","status":"publish","type":"struttura","link":"https:\/\/visitfinaleligure.it\/de\/struttura\/i-campi-di-lino-2\/","title":{"rendered":"I campi di Lino"},"content":{"rendered":"<p>Willkommen in unserem wunderbaren Bed and Breakfast I Campi di Lino, einem R\u00fcckzugsort, der in die Natur eingebettet ist und Entspannung auf dem Land mit dem Komfort der Stadt und des Meeres kombiniert. Unsere Unterkunft bietet ein einzigartiges Erlebnis mit zwei gem\u00fctlichen Zimmern, die Ihren Bed\u00fcrfnissen gerecht werden: einem ger\u00e4umigen Dreibettzimmer mit eigenem Bad und einem komfortablen Doppelzimmer mit eigenem Bad. Beide Zimmer sind liebevoll eingerichtet, um Ihnen den maximalen Komfort w\u00e4hrend Ihres Aufenthalts zu gew\u00e4hrleisten.\u00a0<\/p>\n<p>Im Sommer k\u00f6nnen Sie Ihr Fr\u00fchst\u00fcck im Freien in einem weitl\u00e4ufigen Au\u00dfenbereich genie\u00dfen, umgeben von der nat\u00fcrlichen Sch\u00f6nheit, die uns umgibt. Wenn das Wetter k\u00fchler wird, gibt es einen gem\u00fctlichen Innenbereich, in dem Sie fr\u00fchst\u00fccken k\u00f6nnen, gew\u00e4rmt durch unsere Gastfreundschaft.\u00a0<\/p>\n<p>Wir sind uns der Bed\u00fcrfnisse von Reisenden und Radfahrern bewusst, deshalb stellen wir einen speziellen Bereich zum Parken und Reinigen von Fahrr\u00e4dern zur Verf\u00fcgung, damit Sie die Umgebung bequem und sicher erkunden k\u00f6nnen.\u00a0<\/p>\n<p>Was Ihr Fortbewegungsmittel betrifft, bieten wir einen bequemen kostenlosen Parkplatz direkt vor der Unterkunft, der Ihnen die Gewissheit gibt, dass Ihr Auto w\u00e4hrend Ihres Aufenthalts sicher ist.\u00a0<\/p>\n<p>Um mit der Au\u00dfenwelt verbunden zu bleiben, stellen wir Ihnen WLAN und einen Fernseher in den Zimmern zur Verf\u00fcgung. Au\u00dferdem sind wir jederzeit f\u00fcr Ihre Anliegen da und bieten Ihnen die M\u00f6glichkeit, Anrufe zu t\u00e4tigen und zu empfangen, wann immer Sie m\u00f6chten.\u00a0<\/p>\n<p>Wir sind stolz darauf, auch Ihre vierbeinigen Freunde willkommen zu hei\u00dfen, da wir Tierliebhaber sind. Ihr pelziger Freund wird mit der gleichen W\u00e4rme und Sorgfalt empfangen, die wir all unseren G\u00e4sten entgegenbringen.\u00a0<\/p>\n<p>Um das Erlebnis abzurunden, stellen wir Ihnen einen speziellen Bereich zur Verf\u00fcgung, in dem Sie Speisen und Getr\u00e4nke, die Sie au\u00dferhalb oder von Take-away-Restaurants gekauft haben, genie\u00dfen k\u00f6nnen, damit Sie ein k\u00f6stliches Abendessen im Komfort unserer Unterkunft genie\u00dfen k\u00f6nnen.<\/p>\n","protected":false},"featured_media":0,"template":"","meta":[],"categoria":[1009],"classificazione":[1097],"localita":[222],"gruppomarketing":[],"stella":[],"criteri":[992,989,928,1099,1098,925,957,996,1083,1037,915,1086,916,1029,1100,950,967,904,1003,923,1092,969,1101,1057,922,912,924,926,1046],"class_list":["post-23404","struttura","type-struttura","status-publish","hentry","categoria-bed-breakfast","classificazione-1-sole","localita-finale-ligure","criteri-adatto-a-famiglie","criteri-ambiente-romantico","criteri-animali-domestici-ammessi","criteri-area-non-fumatori","criteri-bed-breakfast","criteri-bike-room","criteri-bike-wash","criteri-colazione-a-buffet","criteri-colazione-continentale","criteri-colazione-mattino-presto","criteri-contanti","criteri-for-experience-booking","criteri-frigorifero-per-ospiti","criteri-giardino-comune","criteri-isolato","criteri-lettino-per-bambini","criteri-parcheggio-auto","criteri-ricarica-e-bike","criteri-riduzione-per-bambini","criteri-riscaldamento","criteri-sala-colazione","criteri-si-accettano-carte-di-credito","criteri-situato-in-collina","criteri-spagnolo","criteri-tv-satellitare","criteri-uso-lavatrice","criteri-wifi-gratuito","criteri-zona-tranquilla","criteri-zona-verde"],"yoast_head":"<!-- This site is optimized with the Yoast SEO plugin v28.3 - https:\/\/yoast.com\/product\/yoast-seo-wordpress\/ -->\n<title>I campi di Lino - Visit Finale Ligure<\/title>\n<meta name=\"description\" content=\"Willkommen in unserem wunderbaren Bed and Breakfast I Campi di Lino, einem R\u00fcckzugsort, der in die Natur eingebettet ist und Entspannung auf dem Land mit\" \/>\n<meta name=\"robots\" content=\"index, follow, max-snippet:-1, max-image-preview:large, max-video-preview:-1\" \/>\n<link rel=\"canonical\" href=\"https:\/\/visitfinaleligure.it\/de\/struttura\/i-campi-di-lino-2\/\" \/>\n<meta property=\"og:locale\" content=\"de_DE\" \/>\n<meta property=\"og:type\" content=\"article\" \/>\n<meta property=\"og:title\" content=\"I campi di Lino - Visit Finale Ligure\" \/>\n<meta property=\"og:description\" content=\"Willkommen in unserem wunderbaren Bed and Breakfast I Campi di Lino, einem R\u00fcckzugsort, der in die Natur eingebettet ist und Entspannung auf dem Land mit\" \/>\n<meta property=\"og:url\" content=\"https:\/\/visitfinaleligure.it\/de\/struttura\/i-campi-di-lino-2\/\" \/>\n<meta property=\"og:site_name\" content=\"Visit Finale Ligure\" \/>\n<meta property=\"article:publisher\" content=\"https:\/\/www.facebook.com\/VisitFinaleLigure\" \/>\n<meta property=\"og:image\" content=\"https:\/\/visitfinaleligure.it\/wp-content\/uploads\/2023\/03\/Capo-caprazoppa-1-1.jpg\" \/>\n\t<meta property=\"og:image:width\" content=\"2500\" \/>\n\t<meta property=\"og:image:height\" content=\"1405\" \/>\n\t<meta property=\"og:image:type\" content=\"image\/jpeg\" \/>\n<meta name=\"twitter:card\" content=\"summary_large_image\" \/>\n<meta name=\"twitter:label1\" content=\"Gesch\u00e4tzte Lesezeit\" \/>\n\t<meta name=\"twitter:data1\" content=\"2\u00a0Minuten\" \/>\n<script type=\"application\/ld+json\" class=\"yoast-schema-graph\">{\"@context\":\"https:\\\/\\\/schema.org\",\"@graph\":[{\"@type\":\"WebPage\",\"@id\":\"https:\\\/\\\/visitfinaleligure.it\\\/de\\\/struttura\\\/i-campi-di-lino-2\\\/\",\"url\":\"https:\\\/\\\/visitfinaleligure.it\\\/de\\\/struttura\\\/i-campi-di-lino-2\\\/\",\"name\":\"I campi di Lino - Visit Finale Ligure\",\"isPartOf\":{\"@id\":\"https:\\\/\\\/visitfinaleligure.it\\\/de\\\/#website\"},\"datePublished\":\"2026-08-27T09:07:39+00:00\",\"description\":\"Willkommen in unserem wunderbaren Bed and Breakfast I Campi di Lino, einem R\u00fcckzugsort, der in die Natur eingebettet ist und Entspannung auf dem Land mit\",\"breadcrumb\":{\"@id\":\"https:\\\/\\\/visitfinaleligure.it\\\/de\\\/struttura\\\/i-campi-di-lino-2\\\/#breadcrumb\"},\"inLanguage\":\"de\",\"potentialAction\":[{\"@type\":\"ReadAction\",\"target\":[\"https:\\\/\\\/visitfinaleligure.it\\\/de\\\/struttura\\\/i-campi-di-lino-2\\\/\"]}]},{\"@type\":\"BreadcrumbList\",\"@id\":\"https:\\\/\\\/visitfinaleligure.it\\\/de\\\/struttura\\\/i-campi-di-lino-2\\\/#breadcrumb\",\"itemListElement\":[{\"@type\":\"ListItem\",\"position\":1,\"name\":\"Home\",\"item\":\"https:\\\/\\\/visitfinaleligure.it\\\/de\\\/\"},{\"@type\":\"ListItem\",\"position\":2,\"name\":\"Strutture\",\"item\":\"https:\\\/\\\/visitfinaleligure.it\\\/de\\\/struttura\\\/\"},{\"@type\":\"ListItem\",\"position\":3,\"name\":\"I campi di Lino\"}]},{\"@type\":\"WebSite\",\"@id\":\"https:\\\/\\\/visitfinaleligure.it\\\/de\\\/#website\",\"url\":\"https:\\\/\\\/visitfinaleligure.it\\\/de\\\/\",\"name\":\"Visit Finale Ligure\",\"description\":\"My perfect place\",\"publisher\":{\"@id\":\"https:\\\/\\\/visitfinaleligure.it\\\/de\\\/#organization\"},\"potentialAction\":[{\"@type\":\"SearchAction\",\"target\":{\"@type\":\"EntryPoint\",\"urlTemplate\":\"https:\\\/\\\/visitfinaleligure.it\\\/de\\\/?s={search_term_string}\"},\"query-input\":{\"@type\":\"PropertyValueSpecification\",\"valueRequired\":true,\"valueName\":\"search_term_string\"}}],\"inLanguage\":\"de\"},{\"@type\":\"Organization\",\"@id\":\"https:\\\/\\\/visitfinaleligure.it\\\/de\\\/#organization\",\"name\":\"Comune di Finale Ligure\",\"url\":\"https:\\\/\\\/visitfinaleligure.it\\\/de\\\/\",\"logo\":{\"@type\":\"ImageObject\",\"inLanguage\":\"de\",\"@id\":\"https:\\\/\\\/visitfinaleligure.it\\\/de\\\/#\\\/schema\\\/logo\\\/image\\\/\",\"url\":\"https:\\\/\\\/visitfinaleligure.it\\\/wp-content\\\/uploads\\\/2023\\\/04\\\/cropped-finaleligure-verticale-positivo-200x200-1.png\",\"contentUrl\":\"https:\\\/\\\/visitfinaleligure.it\\\/wp-content\\\/uploads\\\/2023\\\/04\\\/cropped-finaleligure-verticale-positivo-200x200-1.png\",\"width\":512,\"height\":512,\"caption\":\"Comune di Finale Ligure\"},\"image\":{\"@id\":\"https:\\\/\\\/visitfinaleligure.it\\\/de\\\/#\\\/schema\\\/logo\\\/image\\\/\"},\"sameAs\":[\"https:\\\/\\\/www.facebook.com\\\/VisitFinaleLigure\",\"https:\\\/\\\/www.instagram.com\\\/visitfinale\\\/\",\"https:\\\/\\\/www.youtube.com\\\/channel\\\/UCLmoLfNmrAt9mSCll9egttw\"]}]}<\/script>\n<!-- \/ Yoast SEO plugin. -->","yoast_head_json":{"title":"I campi di Lino - Visit Finale Ligure","description":"Willkommen in unserem wunderbaren Bed and Breakfast I Campi di Lino, einem R\u00fcckzugsort, der in die Natur eingebettet ist und Entspannung auf dem Land mit","robots":{"index":"index","follow":"follow","max-snippet":"max-snippet:-1","max-image-preview":"max-image-preview:large","max-video-preview":"max-video-preview:-1"},"canonical":"https:\/\/visitfinaleligure.it\/de\/struttura\/i-campi-di-lino-2\/","og_locale":"de_DE","og_type":"article","og_title":"I campi di Lino - Visit Finale Ligure","og_description":"Willkommen in unserem wunderbaren Bed and Breakfast I Campi di Lino, einem R\u00fcckzugsort, der in die Natur eingebettet ist und Entspannung auf dem Land mit","og_url":"https:\/\/visitfinaleligure.it\/de\/struttura\/i-campi-di-lino-2\/","og_site_name":"Visit Finale Ligure","article_publisher":"https:\/\/www.facebook.com\/VisitFinaleLigure","og_image":[{"width":2500,"height":1405,"url":"https:\/\/visitfinaleligure.it\/wp-content\/uploads\/2023\/03\/Capo-caprazoppa-1-1.jpg","type":"image\/jpeg"}],"twitter_card":"summary_large_image","twitter_misc":{"Gesch\u00e4tzte Lesezeit":"2\u00a0Minuten"},"schema":{"@context":"https:\/\/schema.org","@graph":[{"@type":"WebPage","@id":"https:\/\/visitfinaleligure.it\/de\/struttura\/i-campi-di-lino-2\/","url":"https:\/\/visitfinaleligure.it\/de\/struttura\/i-campi-di-lino-2\/","name":"I campi di Lino - Visit Finale Ligure","isPartOf":{"@id":"https:\/\/visitfinaleligure.it\/de\/#website"},"datePublished":"2026-08-27T09:07:39+00:00","description":"Willkommen in unserem wunderbaren Bed and Breakfast I Campi di Lino, einem R\u00fcckzugsort, der in die Natur eingebettet ist und Entspannung auf dem Land mit","breadcrumb":{"@id":"https:\/\/visitfinaleligure.it\/de\/struttura\/i-campi-di-lino-2\/#breadcrumb"},"inLanguage":"de","potentialAction":[{"@type":"ReadAction","target":["https:\/\/visitfinaleligure.it\/de\/struttura\/i-campi-di-lino-2\/"]}]},{"@type":"BreadcrumbList","@id":"https:\/\/visitfinaleligure.it\/de\/struttura\/i-campi-di-lino-2\/#breadcrumb","itemListElement":[{"@type":"ListItem","position":1,"name":"Home","item":"https:\/\/visitfinaleligure.it\/de\/"},{"@type":"ListItem","position":2,"name":"Strutture","item":"https:\/\/visitfinaleligure.it\/de\/struttura\/"},{"@type":"ListItem","position":3,"name":"I campi di Lino"}]},{"@type":"WebSite","@id":"https:\/\/visitfinaleligure.it\/de\/#website","url":"https:\/\/visitfinaleligure.it\/de\/","name":"Visit Finale Ligure","description":"My perfect place","publisher":{"@id":"https:\/\/visitfinaleligure.it\/de\/#organization"},"potentialAction":[{"@type":"SearchAction","target":{"@type":"EntryPoint","urlTemplate":"https:\/\/visitfinaleligure.it\/de\/?s={search_term_string}"},"query-input":{"@type":"PropertyValueSpecification","valueRequired":true,"valueName":"search_term_string"}}],"inLanguage":"de"},{"@type":"Organization","@id":"https:\/\/visitfinaleligure.it\/de\/#organization","name":"Comune di Finale Ligure","url":"https:\/\/visitfinaleligure.it\/de\/","logo":{"@type":"ImageObject","inLanguage":"de","@id":"https:\/\/visitfinaleligure.it\/de\/#\/schema\/logo\/image\/","url":"https:\/\/visitfinaleligure.it\/wp-content\/uploads\/2023\/04\/cropped-finaleligure-verticale-positivo-200x200-1.png","contentUrl":"https:\/\/visitfinaleligure.it\/wp-content\/uploads\/2023\/04\/cropped-finaleligure-verticale-positivo-200x200-1.png","width":512,"height":512,"caption":"Comune di Finale Ligure"},"image":{"@id":"https:\/\/visitfinaleligure.it\/de\/#\/schema\/logo\/image\/"},"sameAs":["https:\/\/www.facebook.com\/VisitFinaleLigure","https:\/\/www.instagram.com\/visitfinale\/","https:\/\/www.youtube.com\/channel\/UCLmoLfNmrAt9mSCll9egttw"]}]}},"_links":{"self":[{"href":"https:\/\/visitfinaleligure.it\/de\/wp-json\/wp\/v2\/struttura\/23404","targetHints":{"allow":["GET"]}}],"collection":[{"href":"https:\/\/visitfinaleligure.it\/de\/wp-json\/wp\/v2\/struttura"}],"about":[{"href":"https:\/\/visitfinaleligure.it\/de\/wp-json\/wp\/v2\/types\/struttura"}],"wp:attachment":[{"href":"https:\/\/visitfinaleligure.it\/de\/wp-json\/wp\/v2\/media?parent=23404"}],"wp:term":[{"taxonomy":"categoria","embeddable":true,"href":"https:\/\/visitfinaleligure.it\/de\/wp-json\/wp\/v2\/categoria?post=23404"},{"taxonomy":"classificazione","embeddable":true,"href":"https:\/\/visitfinaleligure.it\/de\/wp-json\/wp\/v2\/classificazione?post=23404"},{"taxonomy":"localita","embeddable":true,"href":"https:\/\/visitfinaleligure.it\/de\/wp-json\/wp\/v2\/localita?post=23404"},{"taxonomy":"gruppomarketing","embeddable":true,"href":"https:\/\/visitfinaleligure.it\/de\/wp-json\/wp\/v2\/gruppomarketing?post=23404"},{"taxonomy":"stella","embeddable":true,"href":"https:\/\/visitfinaleligure.it\/de\/wp-json\/wp\/v2\/stella?post=23404"},{"taxonomy":"criteri","embeddable":true,"href":"https:\/\/visitfinaleligure.it\/de\/wp-json\/wp\/v2\/criteri?post=23404"}],"curies":[{"name":"wp","href":"https:\/\/api.w.org\/{rel}","templated":true}]}}