{"id":23504,"date":"2026-08-28T23:22:15","date_gmt":"2026-08-28T21:22:15","guid":{"rendered":"https:\/\/visitfinaleligure.it\/struttura\/la-testa-fra-le-nuvole-2\/"},"modified":"2026-08-28T23:22:15","modified_gmt":"2026-08-28T21:22:15","slug":"la-testa-fra-le-nuvole-2","status":"publish","type":"struttura","link":"https:\/\/visitfinaleligure.it\/de\/struttura\/la-testa-fra-le-nuvole-2\/","title":{"rendered":"La testa fra le nuvole"},"content":{"rendered":"<p>Kopf in den Wolken: Ein verzauberter R\u00fcckzugsort<br \/>\nEntdecke das Wunder des Tagtr\u00e4umens in Kopf in den Wolken! Eingebettet in eine gr\u00fcne und ruhige Gegend, bietet dieses B&amp;B in Gorra (Finale Ligure) ein einzigartiges Erlebnis, wo die Sch\u00f6nheit der Natur mit modernem Komfort verschmilzt. Auf einem H\u00fcgel gelegen, nur etwa 4 km vom Meer entfernt, kannst du spektakul\u00e4re Ausblicke und eine unvergleichliche Ruhe genie\u00dfen.<\/p>\n<p>Perfekt f\u00fcr Naturliebhaber und Outdoor-Sportler, ist Kopf in den Wolken mit einem Fahrradraum f\u00fcr Radbegeisterte ausgestattet. Auf Anfrage gibt es eine Fahrradw\u00e4sche, um dein Rad in perfektem Zustand zu halten. Wenn du ein E-Bike hast, kannst du es einfach aufladen und dein Abenteuer auf zwei R\u00e4dern fortsetzen. F\u00fcr Motorradliebhaber gibt es eine bequeme Garage zum Parken deiner Motorr\u00e4der.<\/p>\n<p>Die Zimmer sind mit WiFi ausgestattet, damit du immer verbunden bleibst. Ob du in Bargeld oder mit einer Kreditkarte bezahlen m\u00f6chtest, du wirst die Flexibilit\u00e4t finden, die du brauchst. Lass dich von der Magie dieses Ortes umh\u00fcllen, wo jeder Aufenthalt zu einer unvergesslichen Erinnerung wird.<\/p>\n<p>Vollst\u00e4ndige Entspannung in einer gr\u00fcnen und ruhigen Zone<br \/>\nRadabenteuer mit vollem Komfort<\/p>\n<p>Komm und erlebe den Zauber von Kopf in den Wolken und entdecke die Sch\u00f6nheit der Natur um dich herum.<\/p>\n","protected":false},"featured_media":0,"template":"","meta":[],"categoria":[1010,1009],"classificazione":[1164],"localita":[222],"gruppomarketing":[902],"stella":[],"criteri":[997,1004,1098,925,957,915,944,1059,1000,941,1189,918,906,950,938,967,966,904,954,969,1101,993,947,926,1046],"class_list":["post-23504","struttura","type-struttura","status-publish","hentry","categoria-affittacamere","categoria-bed-breakfast","classificazione-2-soli","localita-finale-ligure","gruppomarketing-finale-outdoor-region","criteri-adatto-per-bambini","criteri-angolo-giochi-per-bambini","criteri-bed-breakfast","criteri-bike-room","criteri-bike-wash","criteri-contanti","criteri-culla","criteri-distanza-mare-m","criteri-fasciatoio","criteri-francese","criteri-giardino-per-ospiti","criteri-inglese","criteri-italiano","criteri-lettino-per-bambini","criteri-officina-mtb","criteri-parcheggio-auto","criteri-prima-colazione","criteri-ricarica-e-bike","criteri-seggiolone","criteri-si-accettano-carte-di-credito","criteri-situato-in-collina","criteri-terrazza","criteri-wifi","criteri-zona-tranquilla","criteri-zona-verde"],"yoast_head":"<!-- This site is optimized with the Yoast SEO plugin v28.3 - https:\/\/yoast.com\/product\/yoast-seo-wordpress\/ -->\n<title>La testa fra le nuvole - Visit Finale Ligure<\/title>\n<meta name=\"description\" content=\"Kopf in den Wolken: Ein verzauberter R\u00fcckzugsort Entdecke das Wunder des Tagtr\u00e4umens in Kopf in den Wolken! Eingebettet in eine gr\u00fcne und ruhige Gegend,\" \/>\n<meta name=\"robots\" content=\"index, follow, max-snippet:-1, max-image-preview:large, max-video-preview:-1\" \/>\n<link rel=\"canonical\" href=\"https:\/\/visitfinaleligure.it\/de\/struttura\/la-testa-fra-le-nuvole-2\/\" \/>\n<meta property=\"og:locale\" content=\"de_DE\" \/>\n<meta property=\"og:type\" content=\"article\" \/>\n<meta property=\"og:title\" content=\"La testa fra le nuvole - Visit Finale Ligure\" \/>\n<meta property=\"og:description\" content=\"Kopf in den Wolken: Ein verzauberter R\u00fcckzugsort Entdecke das Wunder des Tagtr\u00e4umens in Kopf in den Wolken! Eingebettet in eine gr\u00fcne und ruhige Gegend,\" \/>\n<meta property=\"og:url\" content=\"https:\/\/visitfinaleligure.it\/de\/struttura\/la-testa-fra-le-nuvole-2\/\" \/>\n<meta property=\"og:site_name\" content=\"Visit Finale Ligure\" \/>\n<meta property=\"article:publisher\" content=\"https:\/\/www.facebook.com\/VisitFinaleLigure\" \/>\n<meta property=\"og:image\" content=\"https:\/\/visitfinaleligure.it\/wp-content\/uploads\/2026\/08\/image-1470.jpg\" \/>\n\t<meta property=\"og:image:width\" content=\"2560\" \/>\n\t<meta property=\"og:image:height\" content=\"1920\" \/>\n\t<meta property=\"og:image:type\" content=\"image\/jpeg\" \/>\n<meta name=\"twitter:card\" content=\"summary_large_image\" \/>\n<meta name=\"twitter:label1\" content=\"Gesch\u00e4tzte Lesezeit\" \/>\n\t<meta name=\"twitter:data1\" content=\"1\u00a0Minute\" \/>\n<script type=\"application\/ld+json\" class=\"yoast-schema-graph\">{\"@context\":\"https:\\\/\\\/schema.org\",\"@graph\":[{\"@type\":\"WebPage\",\"@id\":\"https:\\\/\\\/visitfinaleligure.it\\\/de\\\/struttura\\\/la-testa-fra-le-nuvole-2\\\/\",\"url\":\"https:\\\/\\\/visitfinaleligure.it\\\/de\\\/struttura\\\/la-testa-fra-le-nuvole-2\\\/\",\"name\":\"La testa fra le nuvole - Visit Finale Ligure\",\"isPartOf\":{\"@id\":\"https:\\\/\\\/visitfinaleligure.it\\\/de\\\/#website\"},\"datePublished\":\"2026-08-28T21:22:15+00:00\",\"description\":\"Kopf in den Wolken: Ein verzauberter R\u00fcckzugsort Entdecke das Wunder des Tagtr\u00e4umens in Kopf in den Wolken! Eingebettet in eine gr\u00fcne und ruhige Gegend,\",\"breadcrumb\":{\"@id\":\"https:\\\/\\\/visitfinaleligure.it\\\/de\\\/struttura\\\/la-testa-fra-le-nuvole-2\\\/#breadcrumb\"},\"inLanguage\":\"de\",\"potentialAction\":[{\"@type\":\"ReadAction\",\"target\":[\"https:\\\/\\\/visitfinaleligure.it\\\/de\\\/struttura\\\/la-testa-fra-le-nuvole-2\\\/\"]}]},{\"@type\":\"BreadcrumbList\",\"@id\":\"https:\\\/\\\/visitfinaleligure.it\\\/de\\\/struttura\\\/la-testa-fra-le-nuvole-2\\\/#breadcrumb\",\"itemListElement\":[{\"@type\":\"ListItem\",\"position\":1,\"name\":\"Home\",\"item\":\"https:\\\/\\\/visitfinaleligure.it\\\/de\\\/\"},{\"@type\":\"ListItem\",\"position\":2,\"name\":\"Strutture\",\"item\":\"https:\\\/\\\/visitfinaleligure.it\\\/de\\\/struttura\\\/\"},{\"@type\":\"ListItem\",\"position\":3,\"name\":\"La testa fra le nuvole\"}]},{\"@type\":\"WebSite\",\"@id\":\"https:\\\/\\\/visitfinaleligure.it\\\/de\\\/#website\",\"url\":\"https:\\\/\\\/visitfinaleligure.it\\\/de\\\/\",\"name\":\"Visit Finale Ligure\",\"description\":\"My perfect place\",\"publisher\":{\"@id\":\"https:\\\/\\\/visitfinaleligure.it\\\/de\\\/#organization\"},\"potentialAction\":[{\"@type\":\"SearchAction\",\"target\":{\"@type\":\"EntryPoint\",\"urlTemplate\":\"https:\\\/\\\/visitfinaleligure.it\\\/de\\\/?s={search_term_string}\"},\"query-input\":{\"@type\":\"PropertyValueSpecification\",\"valueRequired\":true,\"valueName\":\"search_term_string\"}}],\"inLanguage\":\"de\"},{\"@type\":\"Organization\",\"@id\":\"https:\\\/\\\/visitfinaleligure.it\\\/de\\\/#organization\",\"name\":\"Comune di Finale Ligure\",\"url\":\"https:\\\/\\\/visitfinaleligure.it\\\/de\\\/\",\"logo\":{\"@type\":\"ImageObject\",\"inLanguage\":\"de\",\"@id\":\"https:\\\/\\\/visitfinaleligure.it\\\/de\\\/#\\\/schema\\\/logo\\\/image\\\/\",\"url\":\"https:\\\/\\\/visitfinaleligure.it\\\/wp-content\\\/uploads\\\/2023\\\/04\\\/cropped-finaleligure-verticale-positivo-200x200-1.png\",\"contentUrl\":\"https:\\\/\\\/visitfinaleligure.it\\\/wp-content\\\/uploads\\\/2023\\\/04\\\/cropped-finaleligure-verticale-positivo-200x200-1.png\",\"width\":512,\"height\":512,\"caption\":\"Comune di Finale Ligure\"},\"image\":{\"@id\":\"https:\\\/\\\/visitfinaleligure.it\\\/de\\\/#\\\/schema\\\/logo\\\/image\\\/\"},\"sameAs\":[\"https:\\\/\\\/www.facebook.com\\\/VisitFinaleLigure\",\"https:\\\/\\\/www.instagram.com\\\/visitfinale\\\/\",\"https:\\\/\\\/www.youtube.com\\\/channel\\\/UCLmoLfNmrAt9mSCll9egttw\"]}]}<\/script>\n<!-- \/ Yoast SEO plugin. -->","yoast_head_json":{"title":"La testa fra le nuvole - Visit Finale Ligure","description":"Kopf in den Wolken: Ein verzauberter R\u00fcckzugsort Entdecke das Wunder des Tagtr\u00e4umens in Kopf in den Wolken! Eingebettet in eine gr\u00fcne und ruhige Gegend,","robots":{"index":"index","follow":"follow","max-snippet":"max-snippet:-1","max-image-preview":"max-image-preview:large","max-video-preview":"max-video-preview:-1"},"canonical":"https:\/\/visitfinaleligure.it\/de\/struttura\/la-testa-fra-le-nuvole-2\/","og_locale":"de_DE","og_type":"article","og_title":"La testa fra le nuvole - Visit Finale Ligure","og_description":"Kopf in den Wolken: Ein verzauberter R\u00fcckzugsort Entdecke das Wunder des Tagtr\u00e4umens in Kopf in den Wolken! Eingebettet in eine gr\u00fcne und ruhige Gegend,","og_url":"https:\/\/visitfinaleligure.it\/de\/struttura\/la-testa-fra-le-nuvole-2\/","og_site_name":"Visit Finale Ligure","article_publisher":"https:\/\/www.facebook.com\/VisitFinaleLigure","og_image":[{"width":2560,"height":1920,"url":"https:\/\/visitfinaleligure.it\/wp-content\/uploads\/2026\/08\/image-1470.jpg","type":"image\/jpeg"}],"twitter_card":"summary_large_image","twitter_misc":{"Gesch\u00e4tzte Lesezeit":"1\u00a0Minute"},"schema":{"@context":"https:\/\/schema.org","@graph":[{"@type":"WebPage","@id":"https:\/\/visitfinaleligure.it\/de\/struttura\/la-testa-fra-le-nuvole-2\/","url":"https:\/\/visitfinaleligure.it\/de\/struttura\/la-testa-fra-le-nuvole-2\/","name":"La testa fra le nuvole - Visit Finale Ligure","isPartOf":{"@id":"https:\/\/visitfinaleligure.it\/de\/#website"},"datePublished":"2026-08-28T21:22:15+00:00","description":"Kopf in den Wolken: Ein verzauberter R\u00fcckzugsort Entdecke das Wunder des Tagtr\u00e4umens in Kopf in den Wolken! Eingebettet in eine gr\u00fcne und ruhige Gegend,","breadcrumb":{"@id":"https:\/\/visitfinaleligure.it\/de\/struttura\/la-testa-fra-le-nuvole-2\/#breadcrumb"},"inLanguage":"de","potentialAction":[{"@type":"ReadAction","target":["https:\/\/visitfinaleligure.it\/de\/struttura\/la-testa-fra-le-nuvole-2\/"]}]},{"@type":"BreadcrumbList","@id":"https:\/\/visitfinaleligure.it\/de\/struttura\/la-testa-fra-le-nuvole-2\/#breadcrumb","itemListElement":[{"@type":"ListItem","position":1,"name":"Home","item":"https:\/\/visitfinaleligure.it\/de\/"},{"@type":"ListItem","position":2,"name":"Strutture","item":"https:\/\/visitfinaleligure.it\/de\/struttura\/"},{"@type":"ListItem","position":3,"name":"La testa fra le nuvole"}]},{"@type":"WebSite","@id":"https:\/\/visitfinaleligure.it\/de\/#website","url":"https:\/\/visitfinaleligure.it\/de\/","name":"Visit Finale Ligure","description":"My perfect place","publisher":{"@id":"https:\/\/visitfinaleligure.it\/de\/#organization"},"potentialAction":[{"@type":"SearchAction","target":{"@type":"EntryPoint","urlTemplate":"https:\/\/visitfinaleligure.it\/de\/?s={search_term_string}"},"query-input":{"@type":"PropertyValueSpecification","valueRequired":true,"valueName":"search_term_string"}}],"inLanguage":"de"},{"@type":"Organization","@id":"https:\/\/visitfinaleligure.it\/de\/#organization","name":"Comune di Finale Ligure","url":"https:\/\/visitfinaleligure.it\/de\/","logo":{"@type":"ImageObject","inLanguage":"de","@id":"https:\/\/visitfinaleligure.it\/de\/#\/schema\/logo\/image\/","url":"https:\/\/visitfinaleligure.it\/wp-content\/uploads\/2023\/04\/cropped-finaleligure-verticale-positivo-200x200-1.png","contentUrl":"https:\/\/visitfinaleligure.it\/wp-content\/uploads\/2023\/04\/cropped-finaleligure-verticale-positivo-200x200-1.png","width":512,"height":512,"caption":"Comune di Finale Ligure"},"image":{"@id":"https:\/\/visitfinaleligure.it\/de\/#\/schema\/logo\/image\/"},"sameAs":["https:\/\/www.facebook.com\/VisitFinaleLigure","https:\/\/www.instagram.com\/visitfinale\/","https:\/\/www.youtube.com\/channel\/UCLmoLfNmrAt9mSCll9egttw"]}]}},"_links":{"self":[{"href":"https:\/\/visitfinaleligure.it\/de\/wp-json\/wp\/v2\/struttura\/23504","targetHints":{"allow":["GET"]}}],"collection":[{"href":"https:\/\/visitfinaleligure.it\/de\/wp-json\/wp\/v2\/struttura"}],"about":[{"href":"https:\/\/visitfinaleligure.it\/de\/wp-json\/wp\/v2\/types\/struttura"}],"wp:attachment":[{"href":"https:\/\/visitfinaleligure.it\/de\/wp-json\/wp\/v2\/media?parent=23504"}],"wp:term":[{"taxonomy":"categoria","embeddable":true,"href":"https:\/\/visitfinaleligure.it\/de\/wp-json\/wp\/v2\/categoria?post=23504"},{"taxonomy":"classificazione","embeddable":true,"href":"https:\/\/visitfinaleligure.it\/de\/wp-json\/wp\/v2\/classificazione?post=23504"},{"taxonomy":"localita","embeddable":true,"href":"https:\/\/visitfinaleligure.it\/de\/wp-json\/wp\/v2\/localita?post=23504"},{"taxonomy":"gruppomarketing","embeddable":true,"href":"https:\/\/visitfinaleligure.it\/de\/wp-json\/wp\/v2\/gruppomarketing?post=23504"},{"taxonomy":"stella","embeddable":true,"href":"https:\/\/visitfinaleligure.it\/de\/wp-json\/wp\/v2\/stella?post=23504"},{"taxonomy":"criteri","embeddable":true,"href":"https:\/\/visitfinaleligure.it\/de\/wp-json\/wp\/v2\/criteri?post=23504"}],"curies":[{"name":"wp","href":"https:\/\/api.w.org\/{rel}","templated":true}]}}