{"id":23644,"date":"2026-08-27T11:08:30","date_gmt":"2026-08-27T09:08:30","guid":{"rendered":"https:\/\/visitfinaleligure.it\/struttura\/hotel-deutsche-familien-2\/"},"modified":"2026-08-27T11:08:30","modified_gmt":"2026-08-27T09:08:30","slug":"hotel-deutsche-familien-2","status":"publish","type":"struttura","link":"https:\/\/visitfinaleligure.it\/de\/struttura\/hotel-deutsche-familien-2\/","title":{"rendered":"Hotel Deutsche Familien"},"content":{"rendered":"<p>Ideale Basis zur Erkundung des Finalese, zentral gelegen und mit atemberaubendem Meerblick. Ausgestattet mit gro\u00dfen Sonnenbalkonen und einem schattigen Garten. Fr\u00fchst\u00fcck mit Produkten aus der Region und hausgemacht, junge und informelle Atmosph\u00e4re.<\/p>\n<p>Ein echtes Outdoor-Hotel: Wir bieten unseren G\u00e4sten alle Dienstleistungen, um unser wundersch\u00f6nes Gebiet in vollen Z\u00fcgen zu genie\u00dfen. Material, Karten, F\u00fchrer und vor allem unsere Erfahrung als Outdoor-Liebhaber und Kenner des Finalese. Und wir vergessen nicht den gastronomischen Aspekt, um Ihren Urlaub noch individueller zu gestalten!<\/p>\n<p>Seit 1974 wird das Hotel Deutsche Familien von der Familie Poliani mit Leidenschaft und Sorgfalt gef\u00fchrt: Es ist unser Ziel, unseren G\u00e4sten eine einladende und komfortable Umgebung zu bieten. Einige Zimmer wurden in diesem Jahr renoviert.<\/p>\n<p>Dank seiner Lage kann das Hotel einen einfachen Zugang zu Aktivit\u00e4ten am Meer, Klettern und vor allem Mountainbiking bieten.<\/p>\n<p>Tiere sind nach vorheriger Ank\u00fcndigung erlaubt, ein Aufpreis ist erforderlich.<\/p>\n","protected":false},"featured_media":0,"template":"","meta":[],"categoria":[931],"classificazione":[],"localita":[222],"gruppomarketing":[902],"stella":[959],"criteri":[992,928,1190,1138,1287,1099,1358,952,1001,1036,1055,1098,925,957,1170,1107,986,996,1168,1083,1281,942,915,944,1350,1033,975,1072,917,948,927,1086,1325,941,916,914,1105,1192,1029,1189,1188,1006,937,939,998,1104,918,906,950,1028,953,938,1306,1235,967,1067,1308,1064,1359,1259,907,966,904,1221,923,1357,1092,1061,1075,1007,954,1094,934,1264,969,1145,955,943,993,1172,1313,903,1002,958,913,940,947,1195,926,1046,1283],"class_list":["post-23644","struttura","type-struttura","status-publish","hentry","categoria-hotel","localita-finale-ligure","gruppomarketing-finale-outdoor-region","stella-2-stelle","criteri-adatto-a-famiglie","criteri-animali-domestici-ammessi","criteri-animali-presenti-tutto-lanno","criteri-appartamenti-con-servizio-alberghiero","criteri-area-fumatori","criteri-area-non-fumatori","criteri-atrio","criteri-attrezzature-per-bambini","criteri-bambini","criteri-bar","criteri-barbecue","criteri-bed-breakfast","criteri-bike-room","criteri-bike-wash","criteri-caffe","criteri-camera-app-con-vista","criteri-centro-storico","criteri-colazione-a-buffet","criteri-colazione-arricchita","criteri-colazione-continentale","criteri-colazione-fino-a-tardi","criteri-colazione-internazionale","criteri-contanti","criteri-culla","criteri-custodia-valori","criteri-deposito-bagagli","criteri-deposito-bici","criteri-ec-cash-maestro","criteri-euro-accettati","criteri-famiglie","criteri-finalese-e-i-suoi-altipiani","criteri-for-experience-booking","criteri-fornitura-pane","criteri-francese","criteri-frigorifero-per-ospiti","criteri-garage","criteri-garage-per-moto","criteri-giardino-prato","criteri-giardino-comune","criteri-giardino-per-ospiti","criteri-giardino-privato","criteri-giovani","criteri-gruppi","criteri-gruppi-fino-a-pers","criteri-hotel-sulla-costa","criteri-informazioni-sui-dintorni","criteri-inglese","criteri-italiano","criteri-lettino-per-bambini","criteri-massaggi","criteri-non-fumatori","criteri-officina-mtb","criteri-ombra","criteri-orto","criteri-parcheggio-auto","criteri-parcheggio-coperto-per-auto","criteri-parcheggio-coperto-per-moto","criteri-parcheggio-per-moto","criteri-parco","criteri-percorsi-per-biciclette","criteri-posizione-centrale","criteri-prima-colazione","criteri-ricarica-e-bike","criteri-riduzioni-per-gruppi","criteri-riscaldamento","criteri-ristorante-con-terrazza-giardino","criteri-sala-colazione","criteri-sala-lettura","criteri-sala-tv","criteri-sdraio-gratuite","criteri-seggiolone","criteri-servizio-colazione","criteri-servizio-lavanderia-capi-tecnici-in-giornata","criteri-servizio-sveglia","criteri-si-accettano-carte-di-credito","criteri-si-accettano-soggiorni-brevi","criteri-single","criteri-tedesco","criteri-terrazza","criteri-terrazza-soleggiata","criteri-terrazza-sul-mare","criteri-uso-internet-gratuito","criteri-uso-lavatrice-asciugatrice","criteri-viaggiatori-individuali","criteri-vicino-alla-spiaggia","criteri-vista-mare","criteri-wifi","criteri-zona-non-fumatori","criteri-zona-tranquilla","criteri-zona-verde","criteri-zona-wireless"],"yoast_head":"<!-- This site is optimized with the Yoast SEO plugin v28.3 - https:\/\/yoast.com\/product\/yoast-seo-wordpress\/ -->\n<title>Hotel Deutsche Familien - Visit Finale Ligure<\/title>\n<meta name=\"description\" content=\"Ideale Basis zur Erkundung des Finalese, zentral gelegen und mit atemberaubendem Meerblick. Ausgestattet mit gro\u00dfen Sonnenbalkonen und einem schattigen\" \/>\n<meta name=\"robots\" content=\"index, follow, max-snippet:-1, max-image-preview:large, max-video-preview:-1\" \/>\n<link rel=\"canonical\" href=\"https:\/\/visitfinaleligure.it\/de\/struttura\/hotel-deutsche-familien-2\/\" \/>\n<meta property=\"og:locale\" content=\"de_DE\" \/>\n<meta property=\"og:type\" content=\"article\" \/>\n<meta property=\"og:title\" content=\"Hotel Deutsche Familien - Visit Finale Ligure\" \/>\n<meta property=\"og:description\" content=\"Ideale Basis zur Erkundung des Finalese, zentral gelegen und mit atemberaubendem Meerblick. Ausgestattet mit gro\u00dfen Sonnenbalkonen und einem schattigen\" \/>\n<meta property=\"og:url\" content=\"https:\/\/visitfinaleligure.it\/de\/struttura\/hotel-deutsche-familien-2\/\" \/>\n<meta property=\"og:site_name\" content=\"Visit Finale Ligure\" \/>\n<meta property=\"article:publisher\" content=\"https:\/\/www.facebook.com\/VisitFinaleLigure\" \/>\n<meta property=\"og:image\" content=\"https:\/\/visitfinaleligure.it\/wp-content\/uploads\/2023\/03\/Capo-caprazoppa-1-1.jpg\" \/>\n\t<meta property=\"og:image:width\" content=\"2500\" \/>\n\t<meta property=\"og:image:height\" content=\"1405\" \/>\n\t<meta property=\"og:image:type\" content=\"image\/jpeg\" \/>\n<meta name=\"twitter:card\" content=\"summary_large_image\" \/>\n<meta name=\"twitter:label1\" content=\"Gesch\u00e4tzte Lesezeit\" \/>\n\t<meta name=\"twitter:data1\" content=\"1\u00a0Minute\" \/>\n<script type=\"application\/ld+json\" class=\"yoast-schema-graph\">{\"@context\":\"https:\\\/\\\/schema.org\",\"@graph\":[{\"@type\":\"WebPage\",\"@id\":\"https:\\\/\\\/visitfinaleligure.it\\\/de\\\/struttura\\\/hotel-deutsche-familien-2\\\/\",\"url\":\"https:\\\/\\\/visitfinaleligure.it\\\/de\\\/struttura\\\/hotel-deutsche-familien-2\\\/\",\"name\":\"Hotel Deutsche Familien - Visit Finale Ligure\",\"isPartOf\":{\"@id\":\"https:\\\/\\\/visitfinaleligure.it\\\/de\\\/#website\"},\"datePublished\":\"2026-08-27T09:08:30+00:00\",\"description\":\"Ideale Basis zur Erkundung des Finalese, zentral gelegen und mit atemberaubendem Meerblick. Ausgestattet mit gro\u00dfen Sonnenbalkonen und einem schattigen\",\"breadcrumb\":{\"@id\":\"https:\\\/\\\/visitfinaleligure.it\\\/de\\\/struttura\\\/hotel-deutsche-familien-2\\\/#breadcrumb\"},\"inLanguage\":\"de\",\"potentialAction\":[{\"@type\":\"ReadAction\",\"target\":[\"https:\\\/\\\/visitfinaleligure.it\\\/de\\\/struttura\\\/hotel-deutsche-familien-2\\\/\"]}]},{\"@type\":\"BreadcrumbList\",\"@id\":\"https:\\\/\\\/visitfinaleligure.it\\\/de\\\/struttura\\\/hotel-deutsche-familien-2\\\/#breadcrumb\",\"itemListElement\":[{\"@type\":\"ListItem\",\"position\":1,\"name\":\"Home\",\"item\":\"https:\\\/\\\/visitfinaleligure.it\\\/de\\\/\"},{\"@type\":\"ListItem\",\"position\":2,\"name\":\"Strutture\",\"item\":\"https:\\\/\\\/visitfinaleligure.it\\\/de\\\/struttura\\\/\"},{\"@type\":\"ListItem\",\"position\":3,\"name\":\"Hotel Deutsche Familien\"}]},{\"@type\":\"WebSite\",\"@id\":\"https:\\\/\\\/visitfinaleligure.it\\\/de\\\/#website\",\"url\":\"https:\\\/\\\/visitfinaleligure.it\\\/de\\\/\",\"name\":\"Visit Finale Ligure\",\"description\":\"My perfect place\",\"publisher\":{\"@id\":\"https:\\\/\\\/visitfinaleligure.it\\\/de\\\/#organization\"},\"potentialAction\":[{\"@type\":\"SearchAction\",\"target\":{\"@type\":\"EntryPoint\",\"urlTemplate\":\"https:\\\/\\\/visitfinaleligure.it\\\/de\\\/?s={search_term_string}\"},\"query-input\":{\"@type\":\"PropertyValueSpecification\",\"valueRequired\":true,\"valueName\":\"search_term_string\"}}],\"inLanguage\":\"de\"},{\"@type\":\"Organization\",\"@id\":\"https:\\\/\\\/visitfinaleligure.it\\\/de\\\/#organization\",\"name\":\"Comune di Finale Ligure\",\"url\":\"https:\\\/\\\/visitfinaleligure.it\\\/de\\\/\",\"logo\":{\"@type\":\"ImageObject\",\"inLanguage\":\"de\",\"@id\":\"https:\\\/\\\/visitfinaleligure.it\\\/de\\\/#\\\/schema\\\/logo\\\/image\\\/\",\"url\":\"https:\\\/\\\/visitfinaleligure.it\\\/wp-content\\\/uploads\\\/2023\\\/04\\\/cropped-finaleligure-verticale-positivo-200x200-1.png\",\"contentUrl\":\"https:\\\/\\\/visitfinaleligure.it\\\/wp-content\\\/uploads\\\/2023\\\/04\\\/cropped-finaleligure-verticale-positivo-200x200-1.png\",\"width\":512,\"height\":512,\"caption\":\"Comune di Finale Ligure\"},\"image\":{\"@id\":\"https:\\\/\\\/visitfinaleligure.it\\\/de\\\/#\\\/schema\\\/logo\\\/image\\\/\"},\"sameAs\":[\"https:\\\/\\\/www.facebook.com\\\/VisitFinaleLigure\",\"https:\\\/\\\/www.instagram.com\\\/visitfinale\\\/\",\"https:\\\/\\\/www.youtube.com\\\/channel\\\/UCLmoLfNmrAt9mSCll9egttw\"]}]}<\/script>\n<!-- \/ Yoast SEO plugin. -->","yoast_head_json":{"title":"Hotel Deutsche Familien - Visit Finale Ligure","description":"Ideale Basis zur Erkundung des Finalese, zentral gelegen und mit atemberaubendem Meerblick. Ausgestattet mit gro\u00dfen Sonnenbalkonen und einem schattigen","robots":{"index":"index","follow":"follow","max-snippet":"max-snippet:-1","max-image-preview":"max-image-preview:large","max-video-preview":"max-video-preview:-1"},"canonical":"https:\/\/visitfinaleligure.it\/de\/struttura\/hotel-deutsche-familien-2\/","og_locale":"de_DE","og_type":"article","og_title":"Hotel Deutsche Familien - Visit Finale Ligure","og_description":"Ideale Basis zur Erkundung des Finalese, zentral gelegen und mit atemberaubendem Meerblick. Ausgestattet mit gro\u00dfen Sonnenbalkonen und einem schattigen","og_url":"https:\/\/visitfinaleligure.it\/de\/struttura\/hotel-deutsche-familien-2\/","og_site_name":"Visit Finale Ligure","article_publisher":"https:\/\/www.facebook.com\/VisitFinaleLigure","og_image":[{"width":2500,"height":1405,"url":"https:\/\/visitfinaleligure.it\/wp-content\/uploads\/2023\/03\/Capo-caprazoppa-1-1.jpg","type":"image\/jpeg"}],"twitter_card":"summary_large_image","twitter_misc":{"Gesch\u00e4tzte Lesezeit":"1\u00a0Minute"},"schema":{"@context":"https:\/\/schema.org","@graph":[{"@type":"WebPage","@id":"https:\/\/visitfinaleligure.it\/de\/struttura\/hotel-deutsche-familien-2\/","url":"https:\/\/visitfinaleligure.it\/de\/struttura\/hotel-deutsche-familien-2\/","name":"Hotel Deutsche Familien - Visit Finale Ligure","isPartOf":{"@id":"https:\/\/visitfinaleligure.it\/de\/#website"},"datePublished":"2026-08-27T09:08:30+00:00","description":"Ideale Basis zur Erkundung des Finalese, zentral gelegen und mit atemberaubendem Meerblick. Ausgestattet mit gro\u00dfen Sonnenbalkonen und einem schattigen","breadcrumb":{"@id":"https:\/\/visitfinaleligure.it\/de\/struttura\/hotel-deutsche-familien-2\/#breadcrumb"},"inLanguage":"de","potentialAction":[{"@type":"ReadAction","target":["https:\/\/visitfinaleligure.it\/de\/struttura\/hotel-deutsche-familien-2\/"]}]},{"@type":"BreadcrumbList","@id":"https:\/\/visitfinaleligure.it\/de\/struttura\/hotel-deutsche-familien-2\/#breadcrumb","itemListElement":[{"@type":"ListItem","position":1,"name":"Home","item":"https:\/\/visitfinaleligure.it\/de\/"},{"@type":"ListItem","position":2,"name":"Strutture","item":"https:\/\/visitfinaleligure.it\/de\/struttura\/"},{"@type":"ListItem","position":3,"name":"Hotel Deutsche Familien"}]},{"@type":"WebSite","@id":"https:\/\/visitfinaleligure.it\/de\/#website","url":"https:\/\/visitfinaleligure.it\/de\/","name":"Visit Finale Ligure","description":"My perfect place","publisher":{"@id":"https:\/\/visitfinaleligure.it\/de\/#organization"},"potentialAction":[{"@type":"SearchAction","target":{"@type":"EntryPoint","urlTemplate":"https:\/\/visitfinaleligure.it\/de\/?s={search_term_string}"},"query-input":{"@type":"PropertyValueSpecification","valueRequired":true,"valueName":"search_term_string"}}],"inLanguage":"de"},{"@type":"Organization","@id":"https:\/\/visitfinaleligure.it\/de\/#organization","name":"Comune di Finale Ligure","url":"https:\/\/visitfinaleligure.it\/de\/","logo":{"@type":"ImageObject","inLanguage":"de","@id":"https:\/\/visitfinaleligure.it\/de\/#\/schema\/logo\/image\/","url":"https:\/\/visitfinaleligure.it\/wp-content\/uploads\/2023\/04\/cropped-finaleligure-verticale-positivo-200x200-1.png","contentUrl":"https:\/\/visitfinaleligure.it\/wp-content\/uploads\/2023\/04\/cropped-finaleligure-verticale-positivo-200x200-1.png","width":512,"height":512,"caption":"Comune di Finale Ligure"},"image":{"@id":"https:\/\/visitfinaleligure.it\/de\/#\/schema\/logo\/image\/"},"sameAs":["https:\/\/www.facebook.com\/VisitFinaleLigure","https:\/\/www.instagram.com\/visitfinale\/","https:\/\/www.youtube.com\/channel\/UCLmoLfNmrAt9mSCll9egttw"]}]}},"_links":{"self":[{"href":"https:\/\/visitfinaleligure.it\/de\/wp-json\/wp\/v2\/struttura\/23644","targetHints":{"allow":["GET"]}}],"collection":[{"href":"https:\/\/visitfinaleligure.it\/de\/wp-json\/wp\/v2\/struttura"}],"about":[{"href":"https:\/\/visitfinaleligure.it\/de\/wp-json\/wp\/v2\/types\/struttura"}],"wp:attachment":[{"href":"https:\/\/visitfinaleligure.it\/de\/wp-json\/wp\/v2\/media?parent=23644"}],"wp:term":[{"taxonomy":"categoria","embeddable":true,"href":"https:\/\/visitfinaleligure.it\/de\/wp-json\/wp\/v2\/categoria?post=23644"},{"taxonomy":"classificazione","embeddable":true,"href":"https:\/\/visitfinaleligure.it\/de\/wp-json\/wp\/v2\/classificazione?post=23644"},{"taxonomy":"localita","embeddable":true,"href":"https:\/\/visitfinaleligure.it\/de\/wp-json\/wp\/v2\/localita?post=23644"},{"taxonomy":"gruppomarketing","embeddable":true,"href":"https:\/\/visitfinaleligure.it\/de\/wp-json\/wp\/v2\/gruppomarketing?post=23644"},{"taxonomy":"stella","embeddable":true,"href":"https:\/\/visitfinaleligure.it\/de\/wp-json\/wp\/v2\/stella?post=23644"},{"taxonomy":"criteri","embeddable":true,"href":"https:\/\/visitfinaleligure.it\/de\/wp-json\/wp\/v2\/criteri?post=23644"}],"curies":[{"name":"wp","href":"https:\/\/api.w.org\/{rel}","templated":true}]}}