{"id":24338,"date":"2026-09-01T11:22:43","date_gmt":"2026-09-01T09:22:43","guid":{"rendered":"https:\/\/visitfinaleligure.it\/esperienza\/le-meraviglie-della-biodiversita-visita-al-parco-2\/"},"modified":"2026-09-01T11:22:43","modified_gmt":"2026-09-01T09:22:43","slug":"le-meraviglie-della-biodiversita-visita-al-parco-2","status":"publish","type":"esperienza","link":"https:\/\/visitfinaleligure.it\/fr\/esperienza\/le-meraviglie-della-biodiversita-visita-al-parco-2\/","title":{"rendered":"Le meraviglie della biodiversit\u00e0: visita al parco"},"content":{"rendered":"<p>Vivez une exp\u00e9rience immersive \u00e0 la d\u00e9couverte de l&#8217;extraordinaire biodiversit\u00e9 du <b>Parc du Promontoire de Varigotti<\/b>, accompagn\u00e9 par <b>des guides sp\u00e9cialis\u00e9s<\/b> qui vous feront conna\u00eetre la nature, l&#8217;histoire et les particularit\u00e9s de ce lieu unique.<\/p>\n<p>Un parcours \u00e0 travers des paysages \u00e0 couper le souffle, des habitats riches en vie et un panorama qui embrasse la mer Ligure. Le parc, situ\u00e9 sur le promontoire de Varigotti, est n\u00e9 pour <b>prot\u00e9ger, valoriser et faire conna\u00eetre<\/b> l&#8217;environnement c\u00f4tier ligure.<\/p>\n<p><b>Ce qui vous attend lors de la visite :<\/b><\/p>\n<ul>\n<li><b>Biodiversit\u00e9 botanique :<\/b> une large vari\u00e9t\u00e9 d&#8217;esp\u00e8ces de la maquis m\u00e9diterran\u00e9en, qui offrent des couleurs et des senteurs diff\u00e9rentes \u00e0 chaque saison.<\/li>\n<li><b>Exp\u00e9rience faunique :<\/b> deux \u00e9tangs, un reptilarium abritant <b>le l\u00e9zard le plus grand d&#8217;Europe<\/b> et de nombreuses esp\u00e8ces animales font du parc un lieu id\u00e9al pour observer la nature de pr\u00e8s.<\/li>\n<\/ul>\n<p>&nbsp;<\/p>\n","protected":false},"featured_media":0,"template":"","meta":[],"tipi_servizi":[],"temi_vacanza":[],"classificazioni":[],"class_list":["post-24338","esperienza","type-esperienza","status-publish","hentry"],"yoast_head":"<!-- This site is optimized with the Yoast SEO plugin v28.3 - https:\/\/yoast.com\/product\/yoast-seo-wordpress\/ -->\n<title>Le meraviglie della biodiversit\u00e0: visita al parco - Visit Finale Ligure<\/title>\n<meta name=\"description\" content=\"Vivez une exp\u00e9rience immersive \u00e0 la d\u00e9couverte de l&#039;extraordinaire biodiversit\u00e9 du Parc du Promontoire de Varigotti, accompagn\u00e9 par des guides sp\u00e9cialis\u00e9s\" \/>\n<meta name=\"robots\" content=\"index, follow, max-snippet:-1, max-image-preview:large, max-video-preview:-1\" \/>\n<link rel=\"canonical\" href=\"https:\/\/visitfinaleligure.it\/fr\/esperienza\/le-meraviglie-della-biodiversita-visita-al-parco-2\/\" \/>\n<meta property=\"og:locale\" content=\"fr_FR\" \/>\n<meta property=\"og:type\" content=\"article\" \/>\n<meta property=\"og:title\" content=\"Le meraviglie della biodiversit\u00e0: visita al parco - Visit Finale Ligure\" \/>\n<meta property=\"og:description\" content=\"Vivez une exp\u00e9rience immersive \u00e0 la d\u00e9couverte de l&#039;extraordinaire biodiversit\u00e9 du Parc du Promontoire de Varigotti, accompagn\u00e9 par des guides sp\u00e9cialis\u00e9s\" \/>\n<meta property=\"og:url\" content=\"https:\/\/visitfinaleligure.it\/fr\/esperienza\/le-meraviglie-della-biodiversita-visita-al-parco-2\/\" \/>\n<meta property=\"og:site_name\" content=\"Visit Finale Ligure\" \/>\n<meta property=\"article:publisher\" content=\"https:\/\/www.facebook.com\/VisitFinaleLigure\" \/>\n<meta property=\"og:image\" content=\"https:\/\/visitfinaleligure.it\/wp-content\/uploads\/2026\/08\/image-328.jpg\" \/>\n\t<meta property=\"og:image:width\" content=\"1200\" \/>\n\t<meta property=\"og:image:height\" content=\"720\" \/>\n\t<meta property=\"og:image:type\" content=\"image\/jpeg\" \/>\n<meta name=\"twitter:card\" content=\"summary_large_image\" \/>\n<meta name=\"twitter:label1\" content=\"Dur\u00e9e de lecture estim\u00e9e\" \/>\n\t<meta name=\"twitter:data1\" content=\"1 minute\" \/>\n<script type=\"application\/ld+json\" class=\"yoast-schema-graph\">{\"@context\":\"https:\\\/\\\/schema.org\",\"@graph\":[{\"@type\":\"WebPage\",\"@id\":\"https:\\\/\\\/visitfinaleligure.it\\\/fr\\\/esperienza\\\/le-meraviglie-della-biodiversita-visita-al-parco-2\\\/\",\"url\":\"https:\\\/\\\/visitfinaleligure.it\\\/fr\\\/esperienza\\\/le-meraviglie-della-biodiversita-visita-al-parco-2\\\/\",\"name\":\"Le meraviglie della biodiversit\u00e0: visita al parco - Visit Finale Ligure\",\"isPartOf\":{\"@id\":\"https:\\\/\\\/visitfinaleligure.it\\\/fr\\\/#website\"},\"datePublished\":\"2026-09-01T09:22:43+00:00\",\"description\":\"Vivez une exp\u00e9rience immersive \u00e0 la d\u00e9couverte de l'extraordinaire biodiversit\u00e9 du Parc du Promontoire de Varigotti, accompagn\u00e9 par des guides sp\u00e9cialis\u00e9s\",\"breadcrumb\":{\"@id\":\"https:\\\/\\\/visitfinaleligure.it\\\/fr\\\/esperienza\\\/le-meraviglie-della-biodiversita-visita-al-parco-2\\\/#breadcrumb\"},\"inLanguage\":\"fr-FR\",\"potentialAction\":[{\"@type\":\"ReadAction\",\"target\":[\"https:\\\/\\\/visitfinaleligure.it\\\/fr\\\/esperienza\\\/le-meraviglie-della-biodiversita-visita-al-parco-2\\\/\"]}]},{\"@type\":\"BreadcrumbList\",\"@id\":\"https:\\\/\\\/visitfinaleligure.it\\\/fr\\\/esperienza\\\/le-meraviglie-della-biodiversita-visita-al-parco-2\\\/#breadcrumb\",\"itemListElement\":[{\"@type\":\"ListItem\",\"position\":1,\"name\":\"Home\",\"item\":\"https:\\\/\\\/visitfinaleligure.it\\\/fr\\\/\"},{\"@type\":\"ListItem\",\"position\":2,\"name\":\"Esperienze\",\"item\":\"https:\\\/\\\/visitfinaleligure.it\\\/fr\\\/esperienza\\\/\"},{\"@type\":\"ListItem\",\"position\":3,\"name\":\"Le meraviglie della biodiversit\u00e0: visita al parco\"}]},{\"@type\":\"WebSite\",\"@id\":\"https:\\\/\\\/visitfinaleligure.it\\\/fr\\\/#website\",\"url\":\"https:\\\/\\\/visitfinaleligure.it\\\/fr\\\/\",\"name\":\"Visit Finale Ligure\",\"description\":\"My perfect place\",\"publisher\":{\"@id\":\"https:\\\/\\\/visitfinaleligure.it\\\/fr\\\/#organization\"},\"potentialAction\":[{\"@type\":\"SearchAction\",\"target\":{\"@type\":\"EntryPoint\",\"urlTemplate\":\"https:\\\/\\\/visitfinaleligure.it\\\/fr\\\/?s={search_term_string}\"},\"query-input\":{\"@type\":\"PropertyValueSpecification\",\"valueRequired\":true,\"valueName\":\"search_term_string\"}}],\"inLanguage\":\"fr-FR\"},{\"@type\":\"Organization\",\"@id\":\"https:\\\/\\\/visitfinaleligure.it\\\/fr\\\/#organization\",\"name\":\"Comune di Finale Ligure\",\"url\":\"https:\\\/\\\/visitfinaleligure.it\\\/fr\\\/\",\"logo\":{\"@type\":\"ImageObject\",\"inLanguage\":\"fr-FR\",\"@id\":\"https:\\\/\\\/visitfinaleligure.it\\\/fr\\\/#\\\/schema\\\/logo\\\/image\\\/\",\"url\":\"https:\\\/\\\/visitfinaleligure.it\\\/wp-content\\\/uploads\\\/2023\\\/04\\\/cropped-finaleligure-verticale-positivo-200x200-1.png\",\"contentUrl\":\"https:\\\/\\\/visitfinaleligure.it\\\/wp-content\\\/uploads\\\/2023\\\/04\\\/cropped-finaleligure-verticale-positivo-200x200-1.png\",\"width\":512,\"height\":512,\"caption\":\"Comune di Finale Ligure\"},\"image\":{\"@id\":\"https:\\\/\\\/visitfinaleligure.it\\\/fr\\\/#\\\/schema\\\/logo\\\/image\\\/\"},\"sameAs\":[\"https:\\\/\\\/www.facebook.com\\\/VisitFinaleLigure\",\"https:\\\/\\\/www.instagram.com\\\/visitfinale\\\/\",\"https:\\\/\\\/www.youtube.com\\\/channel\\\/UCLmoLfNmrAt9mSCll9egttw\"]}]}<\/script>\n<!-- \/ Yoast SEO plugin. -->","yoast_head_json":{"title":"Le meraviglie della biodiversit\u00e0: visita al parco - Visit Finale Ligure","description":"Vivez une exp\u00e9rience immersive \u00e0 la d\u00e9couverte de l'extraordinaire biodiversit\u00e9 du Parc du Promontoire de Varigotti, accompagn\u00e9 par des guides sp\u00e9cialis\u00e9s","robots":{"index":"index","follow":"follow","max-snippet":"max-snippet:-1","max-image-preview":"max-image-preview:large","max-video-preview":"max-video-preview:-1"},"canonical":"https:\/\/visitfinaleligure.it\/fr\/esperienza\/le-meraviglie-della-biodiversita-visita-al-parco-2\/","og_locale":"fr_FR","og_type":"article","og_title":"Le meraviglie della biodiversit\u00e0: visita al parco - Visit Finale Ligure","og_description":"Vivez une exp\u00e9rience immersive \u00e0 la d\u00e9couverte de l'extraordinaire biodiversit\u00e9 du Parc du Promontoire de Varigotti, accompagn\u00e9 par des guides sp\u00e9cialis\u00e9s","og_url":"https:\/\/visitfinaleligure.it\/fr\/esperienza\/le-meraviglie-della-biodiversita-visita-al-parco-2\/","og_site_name":"Visit Finale Ligure","article_publisher":"https:\/\/www.facebook.com\/VisitFinaleLigure","og_image":[{"width":1200,"height":720,"url":"https:\/\/visitfinaleligure.it\/wp-content\/uploads\/2026\/08\/image-328.jpg","type":"image\/jpeg"}],"twitter_card":"summary_large_image","twitter_misc":{"Dur\u00e9e de lecture estim\u00e9e":"1 minute"},"schema":{"@context":"https:\/\/schema.org","@graph":[{"@type":"WebPage","@id":"https:\/\/visitfinaleligure.it\/fr\/esperienza\/le-meraviglie-della-biodiversita-visita-al-parco-2\/","url":"https:\/\/visitfinaleligure.it\/fr\/esperienza\/le-meraviglie-della-biodiversita-visita-al-parco-2\/","name":"Le meraviglie della biodiversit\u00e0: visita al parco - Visit Finale Ligure","isPartOf":{"@id":"https:\/\/visitfinaleligure.it\/fr\/#website"},"datePublished":"2026-09-01T09:22:43+00:00","description":"Vivez une exp\u00e9rience immersive \u00e0 la d\u00e9couverte de l'extraordinaire biodiversit\u00e9 du Parc du Promontoire de Varigotti, accompagn\u00e9 par des guides sp\u00e9cialis\u00e9s","breadcrumb":{"@id":"https:\/\/visitfinaleligure.it\/fr\/esperienza\/le-meraviglie-della-biodiversita-visita-al-parco-2\/#breadcrumb"},"inLanguage":"fr-FR","potentialAction":[{"@type":"ReadAction","target":["https:\/\/visitfinaleligure.it\/fr\/esperienza\/le-meraviglie-della-biodiversita-visita-al-parco-2\/"]}]},{"@type":"BreadcrumbList","@id":"https:\/\/visitfinaleligure.it\/fr\/esperienza\/le-meraviglie-della-biodiversita-visita-al-parco-2\/#breadcrumb","itemListElement":[{"@type":"ListItem","position":1,"name":"Home","item":"https:\/\/visitfinaleligure.it\/fr\/"},{"@type":"ListItem","position":2,"name":"Esperienze","item":"https:\/\/visitfinaleligure.it\/fr\/esperienza\/"},{"@type":"ListItem","position":3,"name":"Le meraviglie della biodiversit\u00e0: visita al parco"}]},{"@type":"WebSite","@id":"https:\/\/visitfinaleligure.it\/fr\/#website","url":"https:\/\/visitfinaleligure.it\/fr\/","name":"Visit Finale Ligure","description":"My perfect place","publisher":{"@id":"https:\/\/visitfinaleligure.it\/fr\/#organization"},"potentialAction":[{"@type":"SearchAction","target":{"@type":"EntryPoint","urlTemplate":"https:\/\/visitfinaleligure.it\/fr\/?s={search_term_string}"},"query-input":{"@type":"PropertyValueSpecification","valueRequired":true,"valueName":"search_term_string"}}],"inLanguage":"fr-FR"},{"@type":"Organization","@id":"https:\/\/visitfinaleligure.it\/fr\/#organization","name":"Comune di Finale Ligure","url":"https:\/\/visitfinaleligure.it\/fr\/","logo":{"@type":"ImageObject","inLanguage":"fr-FR","@id":"https:\/\/visitfinaleligure.it\/fr\/#\/schema\/logo\/image\/","url":"https:\/\/visitfinaleligure.it\/wp-content\/uploads\/2023\/04\/cropped-finaleligure-verticale-positivo-200x200-1.png","contentUrl":"https:\/\/visitfinaleligure.it\/wp-content\/uploads\/2023\/04\/cropped-finaleligure-verticale-positivo-200x200-1.png","width":512,"height":512,"caption":"Comune di Finale Ligure"},"image":{"@id":"https:\/\/visitfinaleligure.it\/fr\/#\/schema\/logo\/image\/"},"sameAs":["https:\/\/www.facebook.com\/VisitFinaleLigure","https:\/\/www.instagram.com\/visitfinale\/","https:\/\/www.youtube.com\/channel\/UCLmoLfNmrAt9mSCll9egttw"]}]}},"_links":{"self":[{"href":"https:\/\/visitfinaleligure.it\/fr\/wp-json\/wp\/v2\/esperienza\/24338","targetHints":{"allow":["GET"]}}],"collection":[{"href":"https:\/\/visitfinaleligure.it\/fr\/wp-json\/wp\/v2\/esperienza"}],"about":[{"href":"https:\/\/visitfinaleligure.it\/fr\/wp-json\/wp\/v2\/types\/esperienza"}],"wp:attachment":[{"href":"https:\/\/visitfinaleligure.it\/fr\/wp-json\/wp\/v2\/media?parent=24338"}],"wp:term":[{"taxonomy":"tipi_servizi","embeddable":true,"href":"https:\/\/visitfinaleligure.it\/fr\/wp-json\/wp\/v2\/tipi_servizi?post=24338"},{"taxonomy":"temi_vacanza","embeddable":true,"href":"https:\/\/visitfinaleligure.it\/fr\/wp-json\/wp\/v2\/temi_vacanza?post=24338"},{"taxonomy":"classificazioni","embeddable":true,"href":"https:\/\/visitfinaleligure.it\/fr\/wp-json\/wp\/v2\/classificazioni?post=24338"}],"curies":[{"name":"wp","href":"https:\/\/api.w.org\/{rel}","templated":true}]}}