{"id":24602,"date":"2026-09-01T11:23:00","date_gmt":"2026-09-01T09:23:00","guid":{"rendered":"https:\/\/visitfinaleligure.it\/esperienza\/una-giornata-da-neolitico-laboratori-di-archeologia-sperimentale-maf-2\/"},"modified":"2026-09-01T11:23:00","modified_gmt":"2026-09-01T09:23:00","slug":"una-giornata-da-neolitico-laboratori-di-archeologia-sperimentale-maf-2","status":"publish","type":"esperienza","link":"https:\/\/visitfinaleligure.it\/fr\/esperienza\/una-giornata-da-neolitico-laboratori-di-archeologia-sperimentale-maf-2\/","title":{"rendered":"Una giornata da Neolitico: laboratori di archeologia sperimentale &#8211; MAF"},"content":{"rendered":"<p><b>\u201cUne journ\u00e9e n\u00e9olithique\u201d<br \/><\/b><b>Mus\u00e9e Arch\u00e9ologique de Finale<\/b><\/p>\n<p><b>11h00-12h00 :<\/b>&nbsp;un atelier \u00e9ducatif d\u00e9di\u00e9 aux techniques de production adopt\u00e9es \u00e0 la Pr\u00e9histoire pour fabriquer des pots et des objets en argile. \u00c0 la fin de l&#8217;activit\u00e9, chacun rapportera chez lui son ouvrage.<\/p>\n<p><b>17h00-18h00 :&nbsp;<\/b>comment fabriquait-on un tissu ? Les participants, ayant acquis les notions de base sur la trame et le cha\u00eene ainsi que sur la technique de tissage, r\u00e9aliseront une bande de tissu, chacun travaillant sur un petit m\u00e9tier \u00e0 tisser cadre. \u00c0 la fin de l&#8217;activit\u00e9, chacun rapportera chez lui son ouvrage, en souvenir de l&#8217;exp\u00e9rience v\u00e9cue.<\/p>\n<p><\/p>\n","protected":false},"featured_media":0,"template":"","meta":[],"tipi_servizi":[],"temi_vacanza":[],"classificazioni":[],"class_list":["post-24602","esperienza","type-esperienza","status-publish","hentry"],"yoast_head":"<!-- This site is optimized with the Yoast SEO plugin v28.3 - https:\/\/yoast.com\/product\/yoast-seo-wordpress\/ -->\n<title>Una giornata da Neolitico: laboratori di archeologia sperimentale - MAF - Visit Finale Ligure<\/title>\n<meta name=\"description\" content=\"\u201cUne journ\u00e9e n\u00e9olithique\u201dMus\u00e9e Arch\u00e9ologique de Finale11h00-12h00 :&nbsp;un atelier \u00e9ducatif d\u00e9di\u00e9 aux techniques de production adopt\u00e9es \u00e0 la Pr\u00e9histoire\" \/>\n<meta name=\"robots\" content=\"index, follow, max-snippet:-1, max-image-preview:large, max-video-preview:-1\" \/>\n<link rel=\"canonical\" href=\"https:\/\/visitfinaleligure.it\/fr\/esperienza\/una-giornata-da-neolitico-laboratori-di-archeologia-sperimentale-maf-2\/\" \/>\n<meta property=\"og:locale\" content=\"fr_FR\" \/>\n<meta property=\"og:type\" content=\"article\" \/>\n<meta property=\"og:title\" content=\"Una giornata da Neolitico: laboratori di archeologia sperimentale - MAF - Visit Finale Ligure\" \/>\n<meta property=\"og:description\" content=\"\u201cUne journ\u00e9e n\u00e9olithique\u201dMus\u00e9e Arch\u00e9ologique de Finale11h00-12h00 :&nbsp;un atelier \u00e9ducatif d\u00e9di\u00e9 aux techniques de production adopt\u00e9es \u00e0 la Pr\u00e9histoire\" \/>\n<meta property=\"og:url\" content=\"https:\/\/visitfinaleligure.it\/fr\/esperienza\/una-giornata-da-neolitico-laboratori-di-archeologia-sperimentale-maf-2\/\" \/>\n<meta property=\"og:site_name\" content=\"Visit Finale Ligure\" \/>\n<meta property=\"article:publisher\" content=\"https:\/\/www.facebook.com\/VisitFinaleLigure\" \/>\n<meta property=\"og:image\" content=\"https:\/\/visitfinaleligure.it\/wp-content\/uploads\/2026\/08\/image-474.jpg\" \/>\n\t<meta property=\"og:image:width\" content=\"1080\" \/>\n\t<meta property=\"og:image:height\" content=\"790\" \/>\n\t<meta property=\"og:image:type\" content=\"image\/jpeg\" \/>\n<meta name=\"twitter:card\" content=\"summary_large_image\" \/>\n<meta name=\"twitter:label1\" content=\"Dur\u00e9e de lecture estim\u00e9e\" \/>\n\t<meta name=\"twitter:data1\" content=\"1 minute\" \/>\n<script type=\"application\/ld+json\" class=\"yoast-schema-graph\">{\"@context\":\"https:\\\/\\\/schema.org\",\"@graph\":[{\"@type\":\"WebPage\",\"@id\":\"https:\\\/\\\/visitfinaleligure.it\\\/fr\\\/esperienza\\\/una-giornata-da-neolitico-laboratori-di-archeologia-sperimentale-maf-2\\\/\",\"url\":\"https:\\\/\\\/visitfinaleligure.it\\\/fr\\\/esperienza\\\/una-giornata-da-neolitico-laboratori-di-archeologia-sperimentale-maf-2\\\/\",\"name\":\"Una giornata da Neolitico: laboratori di archeologia sperimentale - MAF - Visit Finale Ligure\",\"isPartOf\":{\"@id\":\"https:\\\/\\\/visitfinaleligure.it\\\/fr\\\/#website\"},\"datePublished\":\"2026-09-01T09:23:00+00:00\",\"description\":\"\u201cUne journ\u00e9e n\u00e9olithique\u201dMus\u00e9e Arch\u00e9ologique de Finale11h00-12h00 :&nbsp;un atelier \u00e9ducatif d\u00e9di\u00e9 aux techniques de production adopt\u00e9es \u00e0 la Pr\u00e9histoire\",\"breadcrumb\":{\"@id\":\"https:\\\/\\\/visitfinaleligure.it\\\/fr\\\/esperienza\\\/una-giornata-da-neolitico-laboratori-di-archeologia-sperimentale-maf-2\\\/#breadcrumb\"},\"inLanguage\":\"fr-FR\",\"potentialAction\":[{\"@type\":\"ReadAction\",\"target\":[\"https:\\\/\\\/visitfinaleligure.it\\\/fr\\\/esperienza\\\/una-giornata-da-neolitico-laboratori-di-archeologia-sperimentale-maf-2\\\/\"]}]},{\"@type\":\"BreadcrumbList\",\"@id\":\"https:\\\/\\\/visitfinaleligure.it\\\/fr\\\/esperienza\\\/una-giornata-da-neolitico-laboratori-di-archeologia-sperimentale-maf-2\\\/#breadcrumb\",\"itemListElement\":[{\"@type\":\"ListItem\",\"position\":1,\"name\":\"Home\",\"item\":\"https:\\\/\\\/visitfinaleligure.it\\\/fr\\\/\"},{\"@type\":\"ListItem\",\"position\":2,\"name\":\"Esperienze\",\"item\":\"https:\\\/\\\/visitfinaleligure.it\\\/fr\\\/esperienza\\\/\"},{\"@type\":\"ListItem\",\"position\":3,\"name\":\"Una giornata da Neolitico: laboratori di archeologia sperimentale &#8211; MAF\"}]},{\"@type\":\"WebSite\",\"@id\":\"https:\\\/\\\/visitfinaleligure.it\\\/fr\\\/#website\",\"url\":\"https:\\\/\\\/visitfinaleligure.it\\\/fr\\\/\",\"name\":\"Visit Finale Ligure\",\"description\":\"My perfect place\",\"publisher\":{\"@id\":\"https:\\\/\\\/visitfinaleligure.it\\\/fr\\\/#organization\"},\"potentialAction\":[{\"@type\":\"SearchAction\",\"target\":{\"@type\":\"EntryPoint\",\"urlTemplate\":\"https:\\\/\\\/visitfinaleligure.it\\\/fr\\\/?s={search_term_string}\"},\"query-input\":{\"@type\":\"PropertyValueSpecification\",\"valueRequired\":true,\"valueName\":\"search_term_string\"}}],\"inLanguage\":\"fr-FR\"},{\"@type\":\"Organization\",\"@id\":\"https:\\\/\\\/visitfinaleligure.it\\\/fr\\\/#organization\",\"name\":\"Comune di Finale Ligure\",\"url\":\"https:\\\/\\\/visitfinaleligure.it\\\/fr\\\/\",\"logo\":{\"@type\":\"ImageObject\",\"inLanguage\":\"fr-FR\",\"@id\":\"https:\\\/\\\/visitfinaleligure.it\\\/fr\\\/#\\\/schema\\\/logo\\\/image\\\/\",\"url\":\"https:\\\/\\\/visitfinaleligure.it\\\/wp-content\\\/uploads\\\/2023\\\/04\\\/cropped-finaleligure-verticale-positivo-200x200-1.png\",\"contentUrl\":\"https:\\\/\\\/visitfinaleligure.it\\\/wp-content\\\/uploads\\\/2023\\\/04\\\/cropped-finaleligure-verticale-positivo-200x200-1.png\",\"width\":512,\"height\":512,\"caption\":\"Comune di Finale Ligure\"},\"image\":{\"@id\":\"https:\\\/\\\/visitfinaleligure.it\\\/fr\\\/#\\\/schema\\\/logo\\\/image\\\/\"},\"sameAs\":[\"https:\\\/\\\/www.facebook.com\\\/VisitFinaleLigure\",\"https:\\\/\\\/www.instagram.com\\\/visitfinale\\\/\",\"https:\\\/\\\/www.youtube.com\\\/channel\\\/UCLmoLfNmrAt9mSCll9egttw\"]}]}<\/script>\n<!-- \/ Yoast SEO plugin. -->","yoast_head_json":{"title":"Una giornata da Neolitico: laboratori di archeologia sperimentale - MAF - Visit Finale Ligure","description":"\u201cUne journ\u00e9e n\u00e9olithique\u201dMus\u00e9e Arch\u00e9ologique de Finale11h00-12h00 :&nbsp;un atelier \u00e9ducatif d\u00e9di\u00e9 aux techniques de production adopt\u00e9es \u00e0 la Pr\u00e9histoire","robots":{"index":"index","follow":"follow","max-snippet":"max-snippet:-1","max-image-preview":"max-image-preview:large","max-video-preview":"max-video-preview:-1"},"canonical":"https:\/\/visitfinaleligure.it\/fr\/esperienza\/una-giornata-da-neolitico-laboratori-di-archeologia-sperimentale-maf-2\/","og_locale":"fr_FR","og_type":"article","og_title":"Una giornata da Neolitico: laboratori di archeologia sperimentale - MAF - Visit Finale Ligure","og_description":"\u201cUne journ\u00e9e n\u00e9olithique\u201dMus\u00e9e Arch\u00e9ologique de Finale11h00-12h00 :&nbsp;un atelier \u00e9ducatif d\u00e9di\u00e9 aux techniques de production adopt\u00e9es \u00e0 la Pr\u00e9histoire","og_url":"https:\/\/visitfinaleligure.it\/fr\/esperienza\/una-giornata-da-neolitico-laboratori-di-archeologia-sperimentale-maf-2\/","og_site_name":"Visit Finale Ligure","article_publisher":"https:\/\/www.facebook.com\/VisitFinaleLigure","og_image":[{"width":1080,"height":790,"url":"https:\/\/visitfinaleligure.it\/wp-content\/uploads\/2026\/08\/image-474.jpg","type":"image\/jpeg"}],"twitter_card":"summary_large_image","twitter_misc":{"Dur\u00e9e de lecture estim\u00e9e":"1 minute"},"schema":{"@context":"https:\/\/schema.org","@graph":[{"@type":"WebPage","@id":"https:\/\/visitfinaleligure.it\/fr\/esperienza\/una-giornata-da-neolitico-laboratori-di-archeologia-sperimentale-maf-2\/","url":"https:\/\/visitfinaleligure.it\/fr\/esperienza\/una-giornata-da-neolitico-laboratori-di-archeologia-sperimentale-maf-2\/","name":"Una giornata da Neolitico: laboratori di archeologia sperimentale - MAF - Visit Finale Ligure","isPartOf":{"@id":"https:\/\/visitfinaleligure.it\/fr\/#website"},"datePublished":"2026-09-01T09:23:00+00:00","description":"\u201cUne journ\u00e9e n\u00e9olithique\u201dMus\u00e9e Arch\u00e9ologique de Finale11h00-12h00 :&nbsp;un atelier \u00e9ducatif d\u00e9di\u00e9 aux techniques de production adopt\u00e9es \u00e0 la Pr\u00e9histoire","breadcrumb":{"@id":"https:\/\/visitfinaleligure.it\/fr\/esperienza\/una-giornata-da-neolitico-laboratori-di-archeologia-sperimentale-maf-2\/#breadcrumb"},"inLanguage":"fr-FR","potentialAction":[{"@type":"ReadAction","target":["https:\/\/visitfinaleligure.it\/fr\/esperienza\/una-giornata-da-neolitico-laboratori-di-archeologia-sperimentale-maf-2\/"]}]},{"@type":"BreadcrumbList","@id":"https:\/\/visitfinaleligure.it\/fr\/esperienza\/una-giornata-da-neolitico-laboratori-di-archeologia-sperimentale-maf-2\/#breadcrumb","itemListElement":[{"@type":"ListItem","position":1,"name":"Home","item":"https:\/\/visitfinaleligure.it\/fr\/"},{"@type":"ListItem","position":2,"name":"Esperienze","item":"https:\/\/visitfinaleligure.it\/fr\/esperienza\/"},{"@type":"ListItem","position":3,"name":"Una giornata da Neolitico: laboratori di archeologia sperimentale &#8211; MAF"}]},{"@type":"WebSite","@id":"https:\/\/visitfinaleligure.it\/fr\/#website","url":"https:\/\/visitfinaleligure.it\/fr\/","name":"Visit Finale Ligure","description":"My perfect place","publisher":{"@id":"https:\/\/visitfinaleligure.it\/fr\/#organization"},"potentialAction":[{"@type":"SearchAction","target":{"@type":"EntryPoint","urlTemplate":"https:\/\/visitfinaleligure.it\/fr\/?s={search_term_string}"},"query-input":{"@type":"PropertyValueSpecification","valueRequired":true,"valueName":"search_term_string"}}],"inLanguage":"fr-FR"},{"@type":"Organization","@id":"https:\/\/visitfinaleligure.it\/fr\/#organization","name":"Comune di Finale Ligure","url":"https:\/\/visitfinaleligure.it\/fr\/","logo":{"@type":"ImageObject","inLanguage":"fr-FR","@id":"https:\/\/visitfinaleligure.it\/fr\/#\/schema\/logo\/image\/","url":"https:\/\/visitfinaleligure.it\/wp-content\/uploads\/2023\/04\/cropped-finaleligure-verticale-positivo-200x200-1.png","contentUrl":"https:\/\/visitfinaleligure.it\/wp-content\/uploads\/2023\/04\/cropped-finaleligure-verticale-positivo-200x200-1.png","width":512,"height":512,"caption":"Comune di Finale Ligure"},"image":{"@id":"https:\/\/visitfinaleligure.it\/fr\/#\/schema\/logo\/image\/"},"sameAs":["https:\/\/www.facebook.com\/VisitFinaleLigure","https:\/\/www.instagram.com\/visitfinale\/","https:\/\/www.youtube.com\/channel\/UCLmoLfNmrAt9mSCll9egttw"]}]}},"_links":{"self":[{"href":"https:\/\/visitfinaleligure.it\/fr\/wp-json\/wp\/v2\/esperienza\/24602","targetHints":{"allow":["GET"]}}],"collection":[{"href":"https:\/\/visitfinaleligure.it\/fr\/wp-json\/wp\/v2\/esperienza"}],"about":[{"href":"https:\/\/visitfinaleligure.it\/fr\/wp-json\/wp\/v2\/types\/esperienza"}],"wp:attachment":[{"href":"https:\/\/visitfinaleligure.it\/fr\/wp-json\/wp\/v2\/media?parent=24602"}],"wp:term":[{"taxonomy":"tipi_servizi","embeddable":true,"href":"https:\/\/visitfinaleligure.it\/fr\/wp-json\/wp\/v2\/tipi_servizi?post=24602"},{"taxonomy":"temi_vacanza","embeddable":true,"href":"https:\/\/visitfinaleligure.it\/fr\/wp-json\/wp\/v2\/temi_vacanza?post=24602"},{"taxonomy":"classificazioni","embeddable":true,"href":"https:\/\/visitfinaleligure.it\/fr\/wp-json\/wp\/v2\/classificazioni?post=24602"}],"curies":[{"name":"wp","href":"https:\/\/api.w.org\/{rel}","templated":true}]}}