{"id":25309,"date":"2026-09-01T11:23:41","date_gmt":"2026-09-01T09:23:41","guid":{"rendered":"https:\/\/visitfinaleligure.it\/esperienza\/lassu-dove-non-si-vedeva-il-cielo-mudif-2\/"},"modified":"2026-09-01T11:23:41","modified_gmt":"2026-09-01T09:23:41","slug":"lassu-dove-non-si-vedeva-il-cielo-mudif-2","status":"publish","type":"esperienza","link":"https:\/\/visitfinaleligure.it\/fr\/esperienza\/lassu-dove-non-si-vedeva-il-cielo-mudif-2\/","title":{"rendered":"Lass\u00f9 dove non si vedeva il cielo &#8211; MUDIF"},"content":{"rendered":"<p>La <b>visite guid\u00e9e du clocher m\u00e9di\u00e9val <\/b>de l&#8217;\u00e9glise de Santa Caterina \u00e0 Finalborgo, avec le couvent attenant transform\u00e9 en p\u00e9nitencier en 1864, permet de r\u00e9aliser une mont\u00e9e exp\u00e9rimentale dans le pass\u00e9 \u00e0 travers des cellules \u00e9troites et sombres.<\/p>\n<p>Apr\u00e8s s&#8217;\u00eatre immerg\u00e9s dans l&#8217;atmosph\u00e8re aust\u00e8re d&#8217;une prison du XIXe si\u00e8cle, on atteint enfin le sommet de la tour d&#8217;o\u00f9 il est possible d&#8217;admirer Finalborgo et le paysage environnant du Finale.<\/p>\n","protected":false},"featured_media":0,"template":"","meta":[],"tipi_servizi":[],"temi_vacanza":[],"classificazioni":[],"class_list":["post-25309","esperienza","type-esperienza","status-publish","hentry"],"yoast_head":"<!-- This site is optimized with the Yoast SEO plugin v28.3 - https:\/\/yoast.com\/product\/yoast-seo-wordpress\/ -->\n<title>Lass\u00f9 dove non si vedeva il cielo - MUDIF - Visit Finale Ligure<\/title>\n<meta name=\"description\" content=\"La visite guid\u00e9e du clocher m\u00e9di\u00e9val de l&#039;\u00e9glise de Santa Caterina \u00e0 Finalborgo, avec le couvent attenant transform\u00e9 en p\u00e9nitencier en 1864, permet de\" \/>\n<meta name=\"robots\" content=\"index, follow, max-snippet:-1, max-image-preview:large, max-video-preview:-1\" \/>\n<link rel=\"canonical\" href=\"https:\/\/visitfinaleligure.it\/fr\/esperienza\/lassu-dove-non-si-vedeva-il-cielo-mudif-2\/\" \/>\n<meta property=\"og:locale\" content=\"fr_FR\" \/>\n<meta property=\"og:type\" content=\"article\" \/>\n<meta property=\"og:title\" content=\"Lass\u00f9 dove non si vedeva il cielo - MUDIF - Visit Finale Ligure\" \/>\n<meta property=\"og:description\" content=\"La visite guid\u00e9e du clocher m\u00e9di\u00e9val de l&#039;\u00e9glise de Santa Caterina \u00e0 Finalborgo, avec le couvent attenant transform\u00e9 en p\u00e9nitencier en 1864, permet de\" \/>\n<meta property=\"og:url\" content=\"https:\/\/visitfinaleligure.it\/fr\/esperienza\/lassu-dove-non-si-vedeva-il-cielo-mudif-2\/\" \/>\n<meta property=\"og:site_name\" content=\"Visit Finale Ligure\" \/>\n<meta property=\"article:publisher\" content=\"https:\/\/www.facebook.com\/VisitFinaleLigure\" \/>\n<meta property=\"og:image\" content=\"https:\/\/visitfinaleligure.it\/wp-content\/uploads\/2026\/08\/image-818.jpg\" \/>\n\t<meta property=\"og:image:width\" content=\"585\" \/>\n\t<meta property=\"og:image:height\" content=\"880\" \/>\n\t<meta property=\"og:image:type\" content=\"image\/jpeg\" \/>\n<meta name=\"twitter:card\" content=\"summary_large_image\" \/>\n<script type=\"application\/ld+json\" class=\"yoast-schema-graph\">{\"@context\":\"https:\\\/\\\/schema.org\",\"@graph\":[{\"@type\":\"WebPage\",\"@id\":\"https:\\\/\\\/visitfinaleligure.it\\\/fr\\\/esperienza\\\/lassu-dove-non-si-vedeva-il-cielo-mudif-2\\\/\",\"url\":\"https:\\\/\\\/visitfinaleligure.it\\\/fr\\\/esperienza\\\/lassu-dove-non-si-vedeva-il-cielo-mudif-2\\\/\",\"name\":\"Lass\u00f9 dove non si vedeva il cielo - MUDIF - Visit Finale Ligure\",\"isPartOf\":{\"@id\":\"https:\\\/\\\/visitfinaleligure.it\\\/fr\\\/#website\"},\"datePublished\":\"2026-09-01T09:23:41+00:00\",\"description\":\"La visite guid\u00e9e du clocher m\u00e9di\u00e9val de l'\u00e9glise de Santa Caterina \u00e0 Finalborgo, avec le couvent attenant transform\u00e9 en p\u00e9nitencier en 1864, permet de\",\"breadcrumb\":{\"@id\":\"https:\\\/\\\/visitfinaleligure.it\\\/fr\\\/esperienza\\\/lassu-dove-non-si-vedeva-il-cielo-mudif-2\\\/#breadcrumb\"},\"inLanguage\":\"fr-FR\",\"potentialAction\":[{\"@type\":\"ReadAction\",\"target\":[\"https:\\\/\\\/visitfinaleligure.it\\\/fr\\\/esperienza\\\/lassu-dove-non-si-vedeva-il-cielo-mudif-2\\\/\"]}]},{\"@type\":\"BreadcrumbList\",\"@id\":\"https:\\\/\\\/visitfinaleligure.it\\\/fr\\\/esperienza\\\/lassu-dove-non-si-vedeva-il-cielo-mudif-2\\\/#breadcrumb\",\"itemListElement\":[{\"@type\":\"ListItem\",\"position\":1,\"name\":\"Home\",\"item\":\"https:\\\/\\\/visitfinaleligure.it\\\/fr\\\/\"},{\"@type\":\"ListItem\",\"position\":2,\"name\":\"Esperienze\",\"item\":\"https:\\\/\\\/visitfinaleligure.it\\\/fr\\\/esperienza\\\/\"},{\"@type\":\"ListItem\",\"position\":3,\"name\":\"Lass\u00f9 dove non si vedeva il cielo &#8211; MUDIF\"}]},{\"@type\":\"WebSite\",\"@id\":\"https:\\\/\\\/visitfinaleligure.it\\\/fr\\\/#website\",\"url\":\"https:\\\/\\\/visitfinaleligure.it\\\/fr\\\/\",\"name\":\"Visit Finale Ligure\",\"description\":\"My perfect place\",\"publisher\":{\"@id\":\"https:\\\/\\\/visitfinaleligure.it\\\/fr\\\/#organization\"},\"potentialAction\":[{\"@type\":\"SearchAction\",\"target\":{\"@type\":\"EntryPoint\",\"urlTemplate\":\"https:\\\/\\\/visitfinaleligure.it\\\/fr\\\/?s={search_term_string}\"},\"query-input\":{\"@type\":\"PropertyValueSpecification\",\"valueRequired\":true,\"valueName\":\"search_term_string\"}}],\"inLanguage\":\"fr-FR\"},{\"@type\":\"Organization\",\"@id\":\"https:\\\/\\\/visitfinaleligure.it\\\/fr\\\/#organization\",\"name\":\"Comune di Finale Ligure\",\"url\":\"https:\\\/\\\/visitfinaleligure.it\\\/fr\\\/\",\"logo\":{\"@type\":\"ImageObject\",\"inLanguage\":\"fr-FR\",\"@id\":\"https:\\\/\\\/visitfinaleligure.it\\\/fr\\\/#\\\/schema\\\/logo\\\/image\\\/\",\"url\":\"https:\\\/\\\/visitfinaleligure.it\\\/wp-content\\\/uploads\\\/2023\\\/04\\\/cropped-finaleligure-verticale-positivo-200x200-1.png\",\"contentUrl\":\"https:\\\/\\\/visitfinaleligure.it\\\/wp-content\\\/uploads\\\/2023\\\/04\\\/cropped-finaleligure-verticale-positivo-200x200-1.png\",\"width\":512,\"height\":512,\"caption\":\"Comune di Finale Ligure\"},\"image\":{\"@id\":\"https:\\\/\\\/visitfinaleligure.it\\\/fr\\\/#\\\/schema\\\/logo\\\/image\\\/\"},\"sameAs\":[\"https:\\\/\\\/www.facebook.com\\\/VisitFinaleLigure\",\"https:\\\/\\\/www.instagram.com\\\/visitfinale\\\/\",\"https:\\\/\\\/www.youtube.com\\\/channel\\\/UCLmoLfNmrAt9mSCll9egttw\"]}]}<\/script>\n<!-- \/ Yoast SEO plugin. -->","yoast_head_json":{"title":"Lass\u00f9 dove non si vedeva il cielo - MUDIF - Visit Finale Ligure","description":"La visite guid\u00e9e du clocher m\u00e9di\u00e9val de l'\u00e9glise de Santa Caterina \u00e0 Finalborgo, avec le couvent attenant transform\u00e9 en p\u00e9nitencier en 1864, permet de","robots":{"index":"index","follow":"follow","max-snippet":"max-snippet:-1","max-image-preview":"max-image-preview:large","max-video-preview":"max-video-preview:-1"},"canonical":"https:\/\/visitfinaleligure.it\/fr\/esperienza\/lassu-dove-non-si-vedeva-il-cielo-mudif-2\/","og_locale":"fr_FR","og_type":"article","og_title":"Lass\u00f9 dove non si vedeva il cielo - MUDIF - Visit Finale Ligure","og_description":"La visite guid\u00e9e du clocher m\u00e9di\u00e9val de l'\u00e9glise de Santa Caterina \u00e0 Finalborgo, avec le couvent attenant transform\u00e9 en p\u00e9nitencier en 1864, permet de","og_url":"https:\/\/visitfinaleligure.it\/fr\/esperienza\/lassu-dove-non-si-vedeva-il-cielo-mudif-2\/","og_site_name":"Visit Finale Ligure","article_publisher":"https:\/\/www.facebook.com\/VisitFinaleLigure","og_image":[{"width":585,"height":880,"url":"https:\/\/visitfinaleligure.it\/wp-content\/uploads\/2026\/08\/image-818.jpg","type":"image\/jpeg"}],"twitter_card":"summary_large_image","schema":{"@context":"https:\/\/schema.org","@graph":[{"@type":"WebPage","@id":"https:\/\/visitfinaleligure.it\/fr\/esperienza\/lassu-dove-non-si-vedeva-il-cielo-mudif-2\/","url":"https:\/\/visitfinaleligure.it\/fr\/esperienza\/lassu-dove-non-si-vedeva-il-cielo-mudif-2\/","name":"Lass\u00f9 dove non si vedeva il cielo - MUDIF - Visit Finale Ligure","isPartOf":{"@id":"https:\/\/visitfinaleligure.it\/fr\/#website"},"datePublished":"2026-09-01T09:23:41+00:00","description":"La visite guid\u00e9e du clocher m\u00e9di\u00e9val de l'\u00e9glise de Santa Caterina \u00e0 Finalborgo, avec le couvent attenant transform\u00e9 en p\u00e9nitencier en 1864, permet de","breadcrumb":{"@id":"https:\/\/visitfinaleligure.it\/fr\/esperienza\/lassu-dove-non-si-vedeva-il-cielo-mudif-2\/#breadcrumb"},"inLanguage":"fr-FR","potentialAction":[{"@type":"ReadAction","target":["https:\/\/visitfinaleligure.it\/fr\/esperienza\/lassu-dove-non-si-vedeva-il-cielo-mudif-2\/"]}]},{"@type":"BreadcrumbList","@id":"https:\/\/visitfinaleligure.it\/fr\/esperienza\/lassu-dove-non-si-vedeva-il-cielo-mudif-2\/#breadcrumb","itemListElement":[{"@type":"ListItem","position":1,"name":"Home","item":"https:\/\/visitfinaleligure.it\/fr\/"},{"@type":"ListItem","position":2,"name":"Esperienze","item":"https:\/\/visitfinaleligure.it\/fr\/esperienza\/"},{"@type":"ListItem","position":3,"name":"Lass\u00f9 dove non si vedeva il cielo &#8211; MUDIF"}]},{"@type":"WebSite","@id":"https:\/\/visitfinaleligure.it\/fr\/#website","url":"https:\/\/visitfinaleligure.it\/fr\/","name":"Visit Finale Ligure","description":"My perfect place","publisher":{"@id":"https:\/\/visitfinaleligure.it\/fr\/#organization"},"potentialAction":[{"@type":"SearchAction","target":{"@type":"EntryPoint","urlTemplate":"https:\/\/visitfinaleligure.it\/fr\/?s={search_term_string}"},"query-input":{"@type":"PropertyValueSpecification","valueRequired":true,"valueName":"search_term_string"}}],"inLanguage":"fr-FR"},{"@type":"Organization","@id":"https:\/\/visitfinaleligure.it\/fr\/#organization","name":"Comune di Finale Ligure","url":"https:\/\/visitfinaleligure.it\/fr\/","logo":{"@type":"ImageObject","inLanguage":"fr-FR","@id":"https:\/\/visitfinaleligure.it\/fr\/#\/schema\/logo\/image\/","url":"https:\/\/visitfinaleligure.it\/wp-content\/uploads\/2023\/04\/cropped-finaleligure-verticale-positivo-200x200-1.png","contentUrl":"https:\/\/visitfinaleligure.it\/wp-content\/uploads\/2023\/04\/cropped-finaleligure-verticale-positivo-200x200-1.png","width":512,"height":512,"caption":"Comune di Finale Ligure"},"image":{"@id":"https:\/\/visitfinaleligure.it\/fr\/#\/schema\/logo\/image\/"},"sameAs":["https:\/\/www.facebook.com\/VisitFinaleLigure","https:\/\/www.instagram.com\/visitfinale\/","https:\/\/www.youtube.com\/channel\/UCLmoLfNmrAt9mSCll9egttw"]}]}},"_links":{"self":[{"href":"https:\/\/visitfinaleligure.it\/fr\/wp-json\/wp\/v2\/esperienza\/25309","targetHints":{"allow":["GET"]}}],"collection":[{"href":"https:\/\/visitfinaleligure.it\/fr\/wp-json\/wp\/v2\/esperienza"}],"about":[{"href":"https:\/\/visitfinaleligure.it\/fr\/wp-json\/wp\/v2\/types\/esperienza"}],"wp:attachment":[{"href":"https:\/\/visitfinaleligure.it\/fr\/wp-json\/wp\/v2\/media?parent=25309"}],"wp:term":[{"taxonomy":"tipi_servizi","embeddable":true,"href":"https:\/\/visitfinaleligure.it\/fr\/wp-json\/wp\/v2\/tipi_servizi?post=25309"},{"taxonomy":"temi_vacanza","embeddable":true,"href":"https:\/\/visitfinaleligure.it\/fr\/wp-json\/wp\/v2\/temi_vacanza?post=25309"},{"taxonomy":"classificazioni","embeddable":true,"href":"https:\/\/visitfinaleligure.it\/fr\/wp-json\/wp\/v2\/classificazioni?post=25309"}],"curies":[{"name":"wp","href":"https:\/\/api.w.org\/{rel}","templated":true}]}}