{"id":23788,"date":"2026-08-27T11:19:45","date_gmt":"2026-08-27T09:19:45","guid":{"rendered":"https:\/\/visitfinaleligure.it\/evento\/una-giornata-da-antico-ligure-laboratori-di-archeologia-sperimentale-2\/"},"modified":"2026-08-27T11:19:45","modified_gmt":"2026-08-27T09:19:45","slug":"una-giornata-da-antico-ligure-laboratori-di-archeologia-sperimentale-2","status":"publish","type":"evento","link":"https:\/\/visitfinaleligure.it\/fr\/evento\/una-giornata-da-antico-ligure-laboratori-di-archeologia-sperimentale-2\/","title":{"rendered":"Una giornata da antico Ligure: laboratori di archeologia sperimentale"},"content":{"rendered":"<p><b><u><\/u>LaDAS &#8211; Ateliers P\u00e9dagogiques d&#8217;Arch\u00e9ologie Exp\u00e9rimentale <br \/><\/b><i>Organis\u00e9 par : Mus\u00e9e Arch\u00e9ologique de Finale <\/i><\/p>\n<p><b>\u201cUne journ\u00e9e en Ligurie antique\u201d<br \/><\/b><b>Mus\u00e9e Arch\u00e9ologique de Finale<\/b><\/p>\n<p><b>de 11.00 \u00e0 12.00 :<\/b>l&#8217;atelier permet de d\u00e9couvrir le riche monde des signes et des gravures rupestres dont le territoire finalais offre des t\u00e9moignages parmi les plus importants en Ligurie. Comme de vieux tailleurs de pierre de l&#8217;\u00c2ge des M\u00e9taux, les enfants s&#8217;exerceront \u00e0 r\u00e9aliser une gravure en utilisant des outils en pierre, et \u00e0 la fin de l&#8217;activit\u00e9, chaque enfant emportera chez lui sa r\u00e9alisation.<br \/><b>de 17.00 \u00e0 18.00 :<\/b>gr\u00e2ce \u00e0 la technique du tressage, les participants r\u00e9alisent un collier en raphia, auquel ils pendent un bijou en enroulant un fil de cuivre. Les \u00e9l\u00e8ves s&#8217;inspirent de certains \u00e9chantillons trouv\u00e9s dans des sites arch\u00e9ologiques de l&#8217;\u00e2ge des m\u00e9taux, connus sous le nom de bijoux \u201c\u00e0 double spirale\u201d. \u00c0 la fin de l&#8217;activit\u00e9, chacun repartira avec sa cr\u00e9ation, en souvenir de l&#8217;exp\u00e9rience r\u00e9alis\u00e9e.<br \/><u>R\u00e9servation obligatoire : t\u00e9l. 019.690020 \u2013 351.7306191<\/u><\/p>\n","protected":false},"featured_media":0,"template":"","meta":[],"localita":[201],"temi_vacanza":[1365,1385,1372],"classificazioni":[1368,1386,1374],"eventi_seriali":[],"servizi":[1395],"class_list":["post-23788","evento","type-evento","status-publish","hentry","localita-finalborgo","temi_vacanza-cultura","temi_vacanza-mudif","temi_vacanza-relax-lifestyle","classificazioni-cultura","classificazioni-mudif","classificazioni-relax-lifestyle","servizi-animazioni-per-bambini"],"yoast_head":"<!-- This site is optimized with the Yoast SEO plugin v28.3 - https:\/\/yoast.com\/product\/yoast-seo-wordpress\/ -->\n<title>Una giornata da antico Ligure: laboratori di archeologia sperimentale - Visit Finale Ligure<\/title>\n<meta name=\"description\" content=\"LaDAS - Ateliers P\u00e9dagogiques d&#039;Arch\u00e9ologie Exp\u00e9rimentale Organis\u00e9 par : Mus\u00e9e Arch\u00e9ologique de Finale \u201cUne journ\u00e9e en Ligurie antique\u201dMus\u00e9e Arch\u00e9ologique\" \/>\n<meta name=\"robots\" content=\"index, follow, max-snippet:-1, max-image-preview:large, max-video-preview:-1\" \/>\n<link rel=\"canonical\" href=\"https:\/\/visitfinaleligure.it\/fr\/evento\/una-giornata-da-antico-ligure-laboratori-di-archeologia-sperimentale-2\/\" \/>\n<meta property=\"og:locale\" content=\"fr_FR\" \/>\n<meta property=\"og:type\" content=\"article\" \/>\n<meta property=\"og:title\" content=\"Una giornata da antico Ligure: laboratori di archeologia sperimentale - Visit Finale Ligure\" \/>\n<meta property=\"og:description\" content=\"LaDAS - Ateliers P\u00e9dagogiques d&#039;Arch\u00e9ologie Exp\u00e9rimentale Organis\u00e9 par : Mus\u00e9e Arch\u00e9ologique de Finale \u201cUne journ\u00e9e en Ligurie antique\u201dMus\u00e9e Arch\u00e9ologique\" \/>\n<meta property=\"og:url\" content=\"https:\/\/visitfinaleligure.it\/fr\/evento\/una-giornata-da-antico-ligure-laboratori-di-archeologia-sperimentale-2\/\" \/>\n<meta property=\"og:site_name\" content=\"Visit Finale Ligure\" \/>\n<meta property=\"article:publisher\" content=\"https:\/\/www.facebook.com\/VisitFinaleLigure\" \/>\n<meta property=\"og:image\" content=\"https:\/\/visitfinaleligure.it\/wp-content\/uploads\/2023\/03\/Capo-caprazoppa-1-1.jpg\" \/>\n\t<meta property=\"og:image:width\" content=\"2500\" \/>\n\t<meta property=\"og:image:height\" content=\"1405\" \/>\n\t<meta property=\"og:image:type\" content=\"image\/jpeg\" \/>\n<meta name=\"twitter:card\" content=\"summary_large_image\" \/>\n<meta name=\"twitter:label1\" content=\"Dur\u00e9e de lecture estim\u00e9e\" \/>\n\t<meta name=\"twitter:data1\" content=\"1 minute\" \/>\n<script type=\"application\/ld+json\" class=\"yoast-schema-graph\">{\"@context\":\"https:\\\/\\\/schema.org\",\"@graph\":[{\"@type\":\"WebPage\",\"@id\":\"https:\\\/\\\/visitfinaleligure.it\\\/fr\\\/evento\\\/una-giornata-da-antico-ligure-laboratori-di-archeologia-sperimentale-2\\\/\",\"url\":\"https:\\\/\\\/visitfinaleligure.it\\\/fr\\\/evento\\\/una-giornata-da-antico-ligure-laboratori-di-archeologia-sperimentale-2\\\/\",\"name\":\"Una giornata da antico Ligure: laboratori di archeologia sperimentale - Visit Finale Ligure\",\"isPartOf\":{\"@id\":\"https:\\\/\\\/visitfinaleligure.it\\\/fr\\\/#website\"},\"datePublished\":\"2026-08-27T09:19:45+00:00\",\"description\":\"LaDAS - Ateliers P\u00e9dagogiques d'Arch\u00e9ologie Exp\u00e9rimentale Organis\u00e9 par : Mus\u00e9e Arch\u00e9ologique de Finale \u201cUne journ\u00e9e en Ligurie antique\u201dMus\u00e9e Arch\u00e9ologique\",\"breadcrumb\":{\"@id\":\"https:\\\/\\\/visitfinaleligure.it\\\/fr\\\/evento\\\/una-giornata-da-antico-ligure-laboratori-di-archeologia-sperimentale-2\\\/#breadcrumb\"},\"inLanguage\":\"fr-FR\",\"potentialAction\":[{\"@type\":\"ReadAction\",\"target\":[\"https:\\\/\\\/visitfinaleligure.it\\\/fr\\\/evento\\\/una-giornata-da-antico-ligure-laboratori-di-archeologia-sperimentale-2\\\/\"]}]},{\"@type\":\"BreadcrumbList\",\"@id\":\"https:\\\/\\\/visitfinaleligure.it\\\/fr\\\/evento\\\/una-giornata-da-antico-ligure-laboratori-di-archeologia-sperimentale-2\\\/#breadcrumb\",\"itemListElement\":[{\"@type\":\"ListItem\",\"position\":1,\"name\":\"Home\",\"item\":\"https:\\\/\\\/visitfinaleligure.it\\\/fr\\\/\"},{\"@type\":\"ListItem\",\"position\":2,\"name\":\"Eventi\",\"item\":\"https:\\\/\\\/visitfinaleligure.it\\\/fr\\\/evento\\\/\"},{\"@type\":\"ListItem\",\"position\":3,\"name\":\"Una giornata da antico Ligure: laboratori di archeologia sperimentale\"}]},{\"@type\":\"WebSite\",\"@id\":\"https:\\\/\\\/visitfinaleligure.it\\\/fr\\\/#website\",\"url\":\"https:\\\/\\\/visitfinaleligure.it\\\/fr\\\/\",\"name\":\"Visit Finale Ligure\",\"description\":\"My perfect place\",\"publisher\":{\"@id\":\"https:\\\/\\\/visitfinaleligure.it\\\/fr\\\/#organization\"},\"potentialAction\":[{\"@type\":\"SearchAction\",\"target\":{\"@type\":\"EntryPoint\",\"urlTemplate\":\"https:\\\/\\\/visitfinaleligure.it\\\/fr\\\/?s={search_term_string}\"},\"query-input\":{\"@type\":\"PropertyValueSpecification\",\"valueRequired\":true,\"valueName\":\"search_term_string\"}}],\"inLanguage\":\"fr-FR\"},{\"@type\":\"Organization\",\"@id\":\"https:\\\/\\\/visitfinaleligure.it\\\/fr\\\/#organization\",\"name\":\"Comune di Finale Ligure\",\"url\":\"https:\\\/\\\/visitfinaleligure.it\\\/fr\\\/\",\"logo\":{\"@type\":\"ImageObject\",\"inLanguage\":\"fr-FR\",\"@id\":\"https:\\\/\\\/visitfinaleligure.it\\\/fr\\\/#\\\/schema\\\/logo\\\/image\\\/\",\"url\":\"https:\\\/\\\/visitfinaleligure.it\\\/wp-content\\\/uploads\\\/2023\\\/04\\\/cropped-finaleligure-verticale-positivo-200x200-1.png\",\"contentUrl\":\"https:\\\/\\\/visitfinaleligure.it\\\/wp-content\\\/uploads\\\/2023\\\/04\\\/cropped-finaleligure-verticale-positivo-200x200-1.png\",\"width\":512,\"height\":512,\"caption\":\"Comune di Finale Ligure\"},\"image\":{\"@id\":\"https:\\\/\\\/visitfinaleligure.it\\\/fr\\\/#\\\/schema\\\/logo\\\/image\\\/\"},\"sameAs\":[\"https:\\\/\\\/www.facebook.com\\\/VisitFinaleLigure\",\"https:\\\/\\\/www.instagram.com\\\/visitfinale\\\/\",\"https:\\\/\\\/www.youtube.com\\\/channel\\\/UCLmoLfNmrAt9mSCll9egttw\"]}]}<\/script>\n<!-- \/ Yoast SEO plugin. -->","yoast_head_json":{"title":"Una giornata da antico Ligure: laboratori di archeologia sperimentale - Visit Finale Ligure","description":"LaDAS - Ateliers P\u00e9dagogiques d'Arch\u00e9ologie Exp\u00e9rimentale Organis\u00e9 par : Mus\u00e9e Arch\u00e9ologique de Finale \u201cUne journ\u00e9e en Ligurie antique\u201dMus\u00e9e Arch\u00e9ologique","robots":{"index":"index","follow":"follow","max-snippet":"max-snippet:-1","max-image-preview":"max-image-preview:large","max-video-preview":"max-video-preview:-1"},"canonical":"https:\/\/visitfinaleligure.it\/fr\/evento\/una-giornata-da-antico-ligure-laboratori-di-archeologia-sperimentale-2\/","og_locale":"fr_FR","og_type":"article","og_title":"Una giornata da antico Ligure: laboratori di archeologia sperimentale - Visit Finale Ligure","og_description":"LaDAS - Ateliers P\u00e9dagogiques d'Arch\u00e9ologie Exp\u00e9rimentale Organis\u00e9 par : Mus\u00e9e Arch\u00e9ologique de Finale \u201cUne journ\u00e9e en Ligurie antique\u201dMus\u00e9e Arch\u00e9ologique","og_url":"https:\/\/visitfinaleligure.it\/fr\/evento\/una-giornata-da-antico-ligure-laboratori-di-archeologia-sperimentale-2\/","og_site_name":"Visit Finale Ligure","article_publisher":"https:\/\/www.facebook.com\/VisitFinaleLigure","og_image":[{"width":2500,"height":1405,"url":"https:\/\/visitfinaleligure.it\/wp-content\/uploads\/2023\/03\/Capo-caprazoppa-1-1.jpg","type":"image\/jpeg"}],"twitter_card":"summary_large_image","twitter_misc":{"Dur\u00e9e de lecture estim\u00e9e":"1 minute"},"schema":{"@context":"https:\/\/schema.org","@graph":[{"@type":"WebPage","@id":"https:\/\/visitfinaleligure.it\/fr\/evento\/una-giornata-da-antico-ligure-laboratori-di-archeologia-sperimentale-2\/","url":"https:\/\/visitfinaleligure.it\/fr\/evento\/una-giornata-da-antico-ligure-laboratori-di-archeologia-sperimentale-2\/","name":"Una giornata da antico Ligure: laboratori di archeologia sperimentale - Visit Finale Ligure","isPartOf":{"@id":"https:\/\/visitfinaleligure.it\/fr\/#website"},"datePublished":"2026-08-27T09:19:45+00:00","description":"LaDAS - Ateliers P\u00e9dagogiques d'Arch\u00e9ologie Exp\u00e9rimentale Organis\u00e9 par : Mus\u00e9e Arch\u00e9ologique de Finale \u201cUne journ\u00e9e en Ligurie antique\u201dMus\u00e9e Arch\u00e9ologique","breadcrumb":{"@id":"https:\/\/visitfinaleligure.it\/fr\/evento\/una-giornata-da-antico-ligure-laboratori-di-archeologia-sperimentale-2\/#breadcrumb"},"inLanguage":"fr-FR","potentialAction":[{"@type":"ReadAction","target":["https:\/\/visitfinaleligure.it\/fr\/evento\/una-giornata-da-antico-ligure-laboratori-di-archeologia-sperimentale-2\/"]}]},{"@type":"BreadcrumbList","@id":"https:\/\/visitfinaleligure.it\/fr\/evento\/una-giornata-da-antico-ligure-laboratori-di-archeologia-sperimentale-2\/#breadcrumb","itemListElement":[{"@type":"ListItem","position":1,"name":"Home","item":"https:\/\/visitfinaleligure.it\/fr\/"},{"@type":"ListItem","position":2,"name":"Eventi","item":"https:\/\/visitfinaleligure.it\/fr\/evento\/"},{"@type":"ListItem","position":3,"name":"Una giornata da antico Ligure: laboratori di archeologia sperimentale"}]},{"@type":"WebSite","@id":"https:\/\/visitfinaleligure.it\/fr\/#website","url":"https:\/\/visitfinaleligure.it\/fr\/","name":"Visit Finale Ligure","description":"My perfect place","publisher":{"@id":"https:\/\/visitfinaleligure.it\/fr\/#organization"},"potentialAction":[{"@type":"SearchAction","target":{"@type":"EntryPoint","urlTemplate":"https:\/\/visitfinaleligure.it\/fr\/?s={search_term_string}"},"query-input":{"@type":"PropertyValueSpecification","valueRequired":true,"valueName":"search_term_string"}}],"inLanguage":"fr-FR"},{"@type":"Organization","@id":"https:\/\/visitfinaleligure.it\/fr\/#organization","name":"Comune di Finale Ligure","url":"https:\/\/visitfinaleligure.it\/fr\/","logo":{"@type":"ImageObject","inLanguage":"fr-FR","@id":"https:\/\/visitfinaleligure.it\/fr\/#\/schema\/logo\/image\/","url":"https:\/\/visitfinaleligure.it\/wp-content\/uploads\/2023\/04\/cropped-finaleligure-verticale-positivo-200x200-1.png","contentUrl":"https:\/\/visitfinaleligure.it\/wp-content\/uploads\/2023\/04\/cropped-finaleligure-verticale-positivo-200x200-1.png","width":512,"height":512,"caption":"Comune di Finale Ligure"},"image":{"@id":"https:\/\/visitfinaleligure.it\/fr\/#\/schema\/logo\/image\/"},"sameAs":["https:\/\/www.facebook.com\/VisitFinaleLigure","https:\/\/www.instagram.com\/visitfinale\/","https:\/\/www.youtube.com\/channel\/UCLmoLfNmrAt9mSCll9egttw"]}]}},"_links":{"self":[{"href":"https:\/\/visitfinaleligure.it\/fr\/wp-json\/wp\/v2\/evento\/23788","targetHints":{"allow":["GET"]}}],"collection":[{"href":"https:\/\/visitfinaleligure.it\/fr\/wp-json\/wp\/v2\/evento"}],"about":[{"href":"https:\/\/visitfinaleligure.it\/fr\/wp-json\/wp\/v2\/types\/evento"}],"wp:attachment":[{"href":"https:\/\/visitfinaleligure.it\/fr\/wp-json\/wp\/v2\/media?parent=23788"}],"wp:term":[{"taxonomy":"localita","embeddable":true,"href":"https:\/\/visitfinaleligure.it\/fr\/wp-json\/wp\/v2\/localita?post=23788"},{"taxonomy":"temi_vacanza","embeddable":true,"href":"https:\/\/visitfinaleligure.it\/fr\/wp-json\/wp\/v2\/temi_vacanza?post=23788"},{"taxonomy":"classificazioni","embeddable":true,"href":"https:\/\/visitfinaleligure.it\/fr\/wp-json\/wp\/v2\/classificazioni?post=23788"},{"taxonomy":"eventi_seriali","embeddable":true,"href":"https:\/\/visitfinaleligure.it\/fr\/wp-json\/wp\/v2\/eventi_seriali?post=23788"},{"taxonomy":"servizi","embeddable":true,"href":"https:\/\/visitfinaleligure.it\/fr\/wp-json\/wp\/v2\/servizi?post=23788"}],"curies":[{"name":"wp","href":"https:\/\/api.w.org\/{rel}","templated":true}]}}