{"id":23585,"date":"2026-08-27T11:08:19","date_gmt":"2026-08-27T09:08:19","guid":{"rendered":"https:\/\/visitfinaleligure.it\/struttura\/hotel-del-golfo-2\/"},"modified":"2026-08-27T11:08:19","modified_gmt":"2026-08-27T09:08:19","slug":"hotel-del-golfo-2","status":"publish","type":"struttura","link":"https:\/\/visitfinaleligure.it\/fr\/struttura\/hotel-del-golfo-2\/","title":{"rendered":"Hotel del Golfo"},"content":{"rendered":"<p>Votre porte d&#8217;acc\u00e8s au charme de Finale Ligure. Imaginez des vacances o\u00f9 la brise marine caresse votre peau et la beaut\u00e9 de la Riviera Ligure vous enchante \u00e0 chaque regard.<\/p>\n<p>Profitez de la tranquillit\u00e9 de notre jardin, du confort du parking priv\u00e9 et laissez-vous s\u00e9duire par la vue imprenable depuis notre terrasse, peut-\u00eatre en sirotant un verre au bar. Notre restaurant vous r\u00e9galera avec des saveurs authentiques. Laissez-vous bercer par la m\u00e9lodie de la mer dans votre chambre, fermez les yeux et imaginez-vous doucement endormi, envelopp\u00e9 par la brise marine et le rythme apaisant des vagues qui se fracassent sur le rivage, \u00e0 un souffle d&#8217;ici.<\/p>\n<p>\u00c0 l&#8217;H\u00f4tel Del Golfo, la sensation est presque celle d&#8217;\u00eatre sur un luxueux paquebot, avec l&#8217;infini horizon bleu \u00e0 port\u00e9e de fen\u00eatre. Au r\u00e9veil, un riche buffet continental vous attend, le bonjour parfait pour bien commencer vos vacances \u00e0 Finale Ligure.<\/p>\n<p>Notre personnel multilingue est \u00e0 votre disposition 24 heures sur 24 pour rendre votre s\u00e9jour inoubliable.<\/p>\n<p>Laissez-vous s\u00e9duire par l&#8217;atmosph\u00e8re unique de l&#8217;H\u00f4tel del Golfo, o\u00f9 le son de la mer sera la bande-son de vos vacances parfaites.<\/p>\n<p>La connexion Wi-Fi haut d\u00e9bit est gratuite. Les chambres sont \u00e9quip\u00e9es de t\u00e9l\u00e9visions \u00e0 \u00e9cran plat avec cha\u00eenes satellites.<\/p>\n<p>La r\u00e9ception est ouverte 24h\/24 : notre personnel sera toujours \u00e0 votre disposition pour tout besoin (\u00e9galement en langues : anglais, fran\u00e7ais, espagnol et allemand).<\/p>\n<p>La propri\u00e9t\u00e9 dispose d&#8217;un grand parking ext\u00e9rieur payant.<\/p>\n<p>CODES IDENTIFIANTS :<\/p>\n<p>CIN IT009029A1VB6UUSS8<\/p>\n<p>CITR 009029-ALB-0062<\/p>\n","protected":false},"featured_media":0,"template":"","meta":[],"categoria":[931],"classificazione":[],"localita":[222],"gruppomarketing":[902],"stella":[1339],"criteri":[1014,928,1031,1019,908,1090,1036,925,929,1244,1030,1025,996,1083,942,915,944,1246,1024,1059,948,1000,1047,927,1344,1207,941,1188,1006,1013,937,1323,1289,918,1215,1343,1021,1018,1020,1218,1026,1089,967,1301,1302,1027,1054,1122,1319,1340,1039,904,964,1341,1092,1338,1317,1061,1342,1346,1007,1282,1345,1268,1213,1017,969,1101,1073,1108,1275,943,1337,993,1172,1313,1255,922,958,933,1136,913,940,947,924,1165,1166,926,1046],"class_list":["post-23585","struttura","type-struttura","status-publish","hentry","categoria-hotel","localita-finale-ligure","gruppomarketing-finale-outdoor-region","stella-4-stelle","criteri-agosto","criteri-animali-domestici-ammessi","criteri-annuale","criteri-aprile","criteri-ascensore","criteri-bb","criteri-bar","criteri-bike-room","criteri-bonifico","criteri-camere-vista-mare","criteri-ciotola","criteri-climatizzatore","criteri-colazione-a-buffet","criteri-colazione-continentale","criteri-colazione-internazionale","criteri-contanti","criteri-culla","criteri-dehor","criteri-dicembre","criteri-distanza-mare-m","criteri-famiglie","criteri-fasciatoio","criteri-fattura","criteri-finalese-e-i-suoi-altipiani","criteri-flip-chart","criteri-fotocopiatrice","criteri-francese","criteri-giardino-privato","criteri-giovani","criteri-giugno","criteri-gruppi","criteri-impianto-microfoni","criteri-impianto-video","criteri-inglese","criteri-internet-veloce","criteri-lavagna-whiteboard-metaplan","criteri-luglio","criteri-maggio","criteri-marzo","criteri-menu-per-intolleranze-alimentari","criteri-ottobre","criteri-parcheggio-a-pagamento","criteri-parcheggio-auto","criteri-parcheggio-esterno","criteri-parcheggio-interno-scoperto","criteri-parcheggio-privato","criteri-piscina","criteri-portiere-notturno","criteri-proiettore","criteri-puntatore-laser","criteri-reception-24h","criteri-ricarica-e-bike","criteri-ristorante","criteri-russo","criteri-sala-colazione","criteri-sala-conferenze","criteri-sala-congressi-non-fumatori","criteri-sala-lettura","criteri-schermo","criteri-scrivania","criteri-sdraio-gratuite","criteri-sedie-a-sdraio","criteri-segreteria","criteri-servizio-in-camera","criteri-servizio-stampante","criteri-settembre","criteri-si-accettano-carte-di-credito","criteri-situato-in-collina","criteri-solarium","criteri-spiaggia-convenzionata","criteri-stanza-fasciatoio","criteri-tedesco","criteri-telo-proiezioni","criteri-terrazza","criteri-terrazza-soleggiata","criteri-terrazza-sul-mare","criteri-trasporto-bagagli","criteri-tv-satellitare","criteri-viaggiatori-individuali","criteri-viaggiatori-per-affari","criteri-vicino-al-mare","criteri-vicino-alla-spiaggia","criteri-vista-mare","criteri-wifi","criteri-wifi-gratuito","criteri-wifi-nelle-aree-comuni","criteri-wifi-nelle-camere","criteri-zona-tranquilla","criteri-zona-verde"],"yoast_head":"<!-- This site is optimized with the Yoast SEO plugin v28.3 - https:\/\/yoast.com\/product\/yoast-seo-wordpress\/ -->\n<title>Hotel del Golfo - Visit Finale Ligure<\/title>\n<meta name=\"description\" content=\"Votre porte d&#039;acc\u00e8s au charme de Finale Ligure. Imaginez des vacances o\u00f9 la brise marine caresse votre peau et la beaut\u00e9 de la Riviera Ligure vous\" \/>\n<meta name=\"robots\" content=\"index, follow, max-snippet:-1, max-image-preview:large, max-video-preview:-1\" \/>\n<link rel=\"canonical\" href=\"https:\/\/visitfinaleligure.it\/fr\/struttura\/hotel-del-golfo-2\/\" \/>\n<meta property=\"og:locale\" content=\"fr_FR\" \/>\n<meta property=\"og:type\" content=\"article\" \/>\n<meta property=\"og:title\" content=\"Hotel del Golfo - Visit Finale Ligure\" \/>\n<meta property=\"og:description\" content=\"Votre porte d&#039;acc\u00e8s au charme de Finale Ligure. Imaginez des vacances o\u00f9 la brise marine caresse votre peau et la beaut\u00e9 de la Riviera Ligure vous\" \/>\n<meta property=\"og:url\" content=\"https:\/\/visitfinaleligure.it\/fr\/struttura\/hotel-del-golfo-2\/\" \/>\n<meta property=\"og:site_name\" content=\"Visit Finale Ligure\" \/>\n<meta property=\"article:publisher\" content=\"https:\/\/www.facebook.com\/VisitFinaleLigure\" \/>\n<meta property=\"og:image\" content=\"https:\/\/visitfinaleligure.it\/wp-content\/uploads\/2023\/03\/Capo-caprazoppa-1-1.jpg\" \/>\n\t<meta property=\"og:image:width\" content=\"2500\" \/>\n\t<meta property=\"og:image:height\" content=\"1405\" \/>\n\t<meta property=\"og:image:type\" content=\"image\/jpeg\" \/>\n<meta name=\"twitter:card\" content=\"summary_large_image\" \/>\n<meta name=\"twitter:label1\" content=\"Dur\u00e9e de lecture estim\u00e9e\" \/>\n\t<meta name=\"twitter:data1\" content=\"1 minute\" \/>\n<script type=\"application\/ld+json\" class=\"yoast-schema-graph\">{\"@context\":\"https:\\\/\\\/schema.org\",\"@graph\":[{\"@type\":\"WebPage\",\"@id\":\"https:\\\/\\\/visitfinaleligure.it\\\/fr\\\/struttura\\\/hotel-del-golfo-2\\\/\",\"url\":\"https:\\\/\\\/visitfinaleligure.it\\\/fr\\\/struttura\\\/hotel-del-golfo-2\\\/\",\"name\":\"Hotel del Golfo - Visit Finale Ligure\",\"isPartOf\":{\"@id\":\"https:\\\/\\\/visitfinaleligure.it\\\/fr\\\/#website\"},\"datePublished\":\"2026-08-27T09:08:19+00:00\",\"description\":\"Votre porte d'acc\u00e8s au charme de Finale Ligure. Imaginez des vacances o\u00f9 la brise marine caresse votre peau et la beaut\u00e9 de la Riviera Ligure vous\",\"breadcrumb\":{\"@id\":\"https:\\\/\\\/visitfinaleligure.it\\\/fr\\\/struttura\\\/hotel-del-golfo-2\\\/#breadcrumb\"},\"inLanguage\":\"fr-FR\",\"potentialAction\":[{\"@type\":\"ReadAction\",\"target\":[\"https:\\\/\\\/visitfinaleligure.it\\\/fr\\\/struttura\\\/hotel-del-golfo-2\\\/\"]}]},{\"@type\":\"BreadcrumbList\",\"@id\":\"https:\\\/\\\/visitfinaleligure.it\\\/fr\\\/struttura\\\/hotel-del-golfo-2\\\/#breadcrumb\",\"itemListElement\":[{\"@type\":\"ListItem\",\"position\":1,\"name\":\"Home\",\"item\":\"https:\\\/\\\/visitfinaleligure.it\\\/fr\\\/\"},{\"@type\":\"ListItem\",\"position\":2,\"name\":\"Strutture\",\"item\":\"https:\\\/\\\/visitfinaleligure.it\\\/fr\\\/struttura\\\/\"},{\"@type\":\"ListItem\",\"position\":3,\"name\":\"Hotel del Golfo\"}]},{\"@type\":\"WebSite\",\"@id\":\"https:\\\/\\\/visitfinaleligure.it\\\/fr\\\/#website\",\"url\":\"https:\\\/\\\/visitfinaleligure.it\\\/fr\\\/\",\"name\":\"Visit Finale Ligure\",\"description\":\"My perfect place\",\"publisher\":{\"@id\":\"https:\\\/\\\/visitfinaleligure.it\\\/fr\\\/#organization\"},\"potentialAction\":[{\"@type\":\"SearchAction\",\"target\":{\"@type\":\"EntryPoint\",\"urlTemplate\":\"https:\\\/\\\/visitfinaleligure.it\\\/fr\\\/?s={search_term_string}\"},\"query-input\":{\"@type\":\"PropertyValueSpecification\",\"valueRequired\":true,\"valueName\":\"search_term_string\"}}],\"inLanguage\":\"fr-FR\"},{\"@type\":\"Organization\",\"@id\":\"https:\\\/\\\/visitfinaleligure.it\\\/fr\\\/#organization\",\"name\":\"Comune di Finale Ligure\",\"url\":\"https:\\\/\\\/visitfinaleligure.it\\\/fr\\\/\",\"logo\":{\"@type\":\"ImageObject\",\"inLanguage\":\"fr-FR\",\"@id\":\"https:\\\/\\\/visitfinaleligure.it\\\/fr\\\/#\\\/schema\\\/logo\\\/image\\\/\",\"url\":\"https:\\\/\\\/visitfinaleligure.it\\\/wp-content\\\/uploads\\\/2023\\\/04\\\/cropped-finaleligure-verticale-positivo-200x200-1.png\",\"contentUrl\":\"https:\\\/\\\/visitfinaleligure.it\\\/wp-content\\\/uploads\\\/2023\\\/04\\\/cropped-finaleligure-verticale-positivo-200x200-1.png\",\"width\":512,\"height\":512,\"caption\":\"Comune di Finale Ligure\"},\"image\":{\"@id\":\"https:\\\/\\\/visitfinaleligure.it\\\/fr\\\/#\\\/schema\\\/logo\\\/image\\\/\"},\"sameAs\":[\"https:\\\/\\\/www.facebook.com\\\/VisitFinaleLigure\",\"https:\\\/\\\/www.instagram.com\\\/visitfinale\\\/\",\"https:\\\/\\\/www.youtube.com\\\/channel\\\/UCLmoLfNmrAt9mSCll9egttw\"]}]}<\/script>\n<!-- \/ Yoast SEO plugin. -->","yoast_head_json":{"title":"Hotel del Golfo - Visit Finale Ligure","description":"Votre porte d'acc\u00e8s au charme de Finale Ligure. Imaginez des vacances o\u00f9 la brise marine caresse votre peau et la beaut\u00e9 de la Riviera Ligure vous","robots":{"index":"index","follow":"follow","max-snippet":"max-snippet:-1","max-image-preview":"max-image-preview:large","max-video-preview":"max-video-preview:-1"},"canonical":"https:\/\/visitfinaleligure.it\/fr\/struttura\/hotel-del-golfo-2\/","og_locale":"fr_FR","og_type":"article","og_title":"Hotel del Golfo - Visit Finale Ligure","og_description":"Votre porte d'acc\u00e8s au charme de Finale Ligure. Imaginez des vacances o\u00f9 la brise marine caresse votre peau et la beaut\u00e9 de la Riviera Ligure vous","og_url":"https:\/\/visitfinaleligure.it\/fr\/struttura\/hotel-del-golfo-2\/","og_site_name":"Visit Finale Ligure","article_publisher":"https:\/\/www.facebook.com\/VisitFinaleLigure","og_image":[{"width":2500,"height":1405,"url":"https:\/\/visitfinaleligure.it\/wp-content\/uploads\/2023\/03\/Capo-caprazoppa-1-1.jpg","type":"image\/jpeg"}],"twitter_card":"summary_large_image","twitter_misc":{"Dur\u00e9e de lecture estim\u00e9e":"1 minute"},"schema":{"@context":"https:\/\/schema.org","@graph":[{"@type":"WebPage","@id":"https:\/\/visitfinaleligure.it\/fr\/struttura\/hotel-del-golfo-2\/","url":"https:\/\/visitfinaleligure.it\/fr\/struttura\/hotel-del-golfo-2\/","name":"Hotel del Golfo - Visit Finale Ligure","isPartOf":{"@id":"https:\/\/visitfinaleligure.it\/fr\/#website"},"datePublished":"2026-08-27T09:08:19+00:00","description":"Votre porte d'acc\u00e8s au charme de Finale Ligure. Imaginez des vacances o\u00f9 la brise marine caresse votre peau et la beaut\u00e9 de la Riviera Ligure vous","breadcrumb":{"@id":"https:\/\/visitfinaleligure.it\/fr\/struttura\/hotel-del-golfo-2\/#breadcrumb"},"inLanguage":"fr-FR","potentialAction":[{"@type":"ReadAction","target":["https:\/\/visitfinaleligure.it\/fr\/struttura\/hotel-del-golfo-2\/"]}]},{"@type":"BreadcrumbList","@id":"https:\/\/visitfinaleligure.it\/fr\/struttura\/hotel-del-golfo-2\/#breadcrumb","itemListElement":[{"@type":"ListItem","position":1,"name":"Home","item":"https:\/\/visitfinaleligure.it\/fr\/"},{"@type":"ListItem","position":2,"name":"Strutture","item":"https:\/\/visitfinaleligure.it\/fr\/struttura\/"},{"@type":"ListItem","position":3,"name":"Hotel del Golfo"}]},{"@type":"WebSite","@id":"https:\/\/visitfinaleligure.it\/fr\/#website","url":"https:\/\/visitfinaleligure.it\/fr\/","name":"Visit Finale Ligure","description":"My perfect place","publisher":{"@id":"https:\/\/visitfinaleligure.it\/fr\/#organization"},"potentialAction":[{"@type":"SearchAction","target":{"@type":"EntryPoint","urlTemplate":"https:\/\/visitfinaleligure.it\/fr\/?s={search_term_string}"},"query-input":{"@type":"PropertyValueSpecification","valueRequired":true,"valueName":"search_term_string"}}],"inLanguage":"fr-FR"},{"@type":"Organization","@id":"https:\/\/visitfinaleligure.it\/fr\/#organization","name":"Comune di Finale Ligure","url":"https:\/\/visitfinaleligure.it\/fr\/","logo":{"@type":"ImageObject","inLanguage":"fr-FR","@id":"https:\/\/visitfinaleligure.it\/fr\/#\/schema\/logo\/image\/","url":"https:\/\/visitfinaleligure.it\/wp-content\/uploads\/2023\/04\/cropped-finaleligure-verticale-positivo-200x200-1.png","contentUrl":"https:\/\/visitfinaleligure.it\/wp-content\/uploads\/2023\/04\/cropped-finaleligure-verticale-positivo-200x200-1.png","width":512,"height":512,"caption":"Comune di Finale Ligure"},"image":{"@id":"https:\/\/visitfinaleligure.it\/fr\/#\/schema\/logo\/image\/"},"sameAs":["https:\/\/www.facebook.com\/VisitFinaleLigure","https:\/\/www.instagram.com\/visitfinale\/","https:\/\/www.youtube.com\/channel\/UCLmoLfNmrAt9mSCll9egttw"]}]}},"_links":{"self":[{"href":"https:\/\/visitfinaleligure.it\/fr\/wp-json\/wp\/v2\/struttura\/23585","targetHints":{"allow":["GET"]}}],"collection":[{"href":"https:\/\/visitfinaleligure.it\/fr\/wp-json\/wp\/v2\/struttura"}],"about":[{"href":"https:\/\/visitfinaleligure.it\/fr\/wp-json\/wp\/v2\/types\/struttura"}],"wp:attachment":[{"href":"https:\/\/visitfinaleligure.it\/fr\/wp-json\/wp\/v2\/media?parent=23585"}],"wp:term":[{"taxonomy":"categoria","embeddable":true,"href":"https:\/\/visitfinaleligure.it\/fr\/wp-json\/wp\/v2\/categoria?post=23585"},{"taxonomy":"classificazione","embeddable":true,"href":"https:\/\/visitfinaleligure.it\/fr\/wp-json\/wp\/v2\/classificazione?post=23585"},{"taxonomy":"localita","embeddable":true,"href":"https:\/\/visitfinaleligure.it\/fr\/wp-json\/wp\/v2\/localita?post=23585"},{"taxonomy":"gruppomarketing","embeddable":true,"href":"https:\/\/visitfinaleligure.it\/fr\/wp-json\/wp\/v2\/gruppomarketing?post=23585"},{"taxonomy":"stella","embeddable":true,"href":"https:\/\/visitfinaleligure.it\/fr\/wp-json\/wp\/v2\/stella?post=23585"},{"taxonomy":"criteri","embeddable":true,"href":"https:\/\/visitfinaleligure.it\/fr\/wp-json\/wp\/v2\/criteri?post=23585"}],"curies":[{"name":"wp","href":"https:\/\/api.w.org\/{rel}","templated":true}]}}