{"id":23589,"date":"2026-08-27T11:08:21","date_gmt":"2026-08-27T09:08:21","guid":{"rendered":"https:\/\/visitfinaleligure.it\/struttura\/hotel-florenz-2\/"},"modified":"2026-08-27T11:08:21","modified_gmt":"2026-08-27T09:08:21","slug":"hotel-florenz-2","status":"publish","type":"struttura","link":"https:\/\/visitfinaleligure.it\/fr\/struttura\/hotel-florenz-2\/","title":{"rendered":"Hotel Florenz"},"content":{"rendered":"<p>Notre h\u00f4tel a \u00e9t\u00e9 le premier h\u00f4tel MTB\/Bike de Ligurie gr\u00e2ce \u00e0 l&#8217;intuition et \u00e0 la pers\u00e9v\u00e9rance de Lorenzo Carlini, qui a transform\u00e9 il y a plus de 30 ans un complexe religieux du XIXe si\u00e8cle en h\u00f4tel.<br \/>\nLa structure n&#8217;a d\u00e9lib\u00e9r\u00e9ment pas \u00e9t\u00e9 modifi\u00e9e, conservant son caract\u00e8re religieux, pr\u00e9servant ses parfums, ses couleurs et son atmosph\u00e8re pleine de s\u00e9r\u00e9nit\u00e9 et de tranquillit\u00e9.<br \/>\nAu fil du temps, nous nous sommes sp\u00e9cialis\u00e9s dans l&#8217;accueil des amateurs de diff\u00e9rents sports de plein air&#8230; VTT, escalade, via ferrata, trekking, en offrant \u00e0 nos h\u00f4tes tous les services n\u00e9cessaires.<\/p>\n<p>900 m de la mer et 150 m du centre m\u00e9di\u00e9val de Finalborgo.<\/p>\n<p>Nous disposons de 44 chambres r\u00e9parties en : doubles, triples et quadruples, toutes diff\u00e9rentes et de tailles diff\u00e9rentes r\u00e9parties en 2 cat\u00e9gories : Monaco et Prior.<\/p>\n<p>A disposition des clients : restaurant, bar, piscine, jardin, parking (payant), WiFi gratuit.<\/p>\n<p>Le petit-d\u00e9jeuner est un riche buffet sucr\u00e9 et sal\u00e9 : g\u00e2teaux et biscuits faits maison, yaourt, jus de fruits, fruits, croissants, corn flakes, salami, jambon, fromage&#8230; et toutes les boissons chaudes (th\u00e9, caf\u00e9, capuccino, chocolat&#8230;).<\/p>\n<p>Pour le d\u00eener, nous proposons des plats m\u00e9diterran\u00e9ens. Un buffet de salades et d&#8217;entr\u00e9es froides et chaudes, un choix de\u00a0<br \/>\n3 entr\u00e9es, 3 plats principaux avec accompagnement, et un fruit ou un dessert.<\/p>\n<p>Services pour les cyclistes : Local \u00e0 v\u00e9los vid\u00e9o-surveill\u00e9 avec recharge de v\u00e9los \u00e9lectriques, lavage de v\u00e9los, petit atelier, service de blanchisserie (payant) et si vous voulez profiter au maximum de vos vacances mais que vous devez quitter votre chambre, pas de probl\u00e8me ! Nous vous offrons l&#8217;utilisation gratuite de notre bagagerie et d&#8217;une salle de bain de courtoisie pour prendre une douche rapide avant de rentrer chez vous.<\/p>\n","protected":false},"featured_media":0,"template":"","meta":[],"categoria":[931],"classificazione":[],"localita":[222],"gruppomarketing":[902],"stella":[959],"criteri":[972,994,997,928,962,908,946,952,1055,925,957,929,985,996,915,968,944,1033,975,1148,987,1000,927,941,1192,974,978,918,950,1347,949,1139,963,935,938,967,1348,1349,1238,904,964,1075,954,1094,936,1038,969,1082,988,943,993,1002,924,926],"class_list":["post-23589","struttura","type-struttura","status-publish","hentry","categoria-hotel","localita-finale-ligure","gruppomarketing-finale-outdoor-region","stella-2-stelle","criteri-accessibile-disabili","criteri-accessibile-sedie-a-rotelle","criteri-adatto-per-bambini","criteri-animali-domestici-ammessi","criteri-area-giochi-per-bambini","criteri-ascensore","criteri-asciugatrice-indumenti","criteri-attrezzature-per-bambini","criteri-barbecue","criteri-bike-room","criteri-bike-wash","criteri-bonifico","criteri-buffet-di-insalate","criteri-colazione-a-buffet","criteri-contanti","criteri-cucina-tradizionale","criteri-culla","criteri-deposito-bagagli","criteri-deposito-bici","criteri-diretto-alla-fermata-dello-skibus-bus","criteri-edificio-storico","criteri-fasciatoio","criteri-finalese-e-i-suoi-altipiani","criteri-francese","criteri-giardino-prato","criteri-giochi-al-coperto","criteri-hotel-per-famiglie","criteri-inglese","criteri-lettino-per-bambini","criteri-melogno-e-alta-val-pora","criteri-menu-bambini","criteri-menu-bambini-2","criteri-mezza-pensione-su-richiesta","criteri-noleggio-bici","criteri-officina-mtb","criteri-parcheggio-auto","criteri-pietrese-e-val-maremola","criteri-piscina-esterna-non-riscaldata","criteri-prato-prendisole","criteri-ricarica-e-bike","criteri-ristorante","criteri-sala-tv","criteri-seggiolone","criteri-servizio-colazione","criteri-servizio-lavanderia","criteri-sevizio-transfer","criteri-si-accettano-carte-di-credito","criteri-stanza-giochi","criteri-stanza-giochi-per-bambini","criteri-tedesco","criteri-terrazza","criteri-uso-lavatrice-asciugatrice","criteri-wifi-gratuito","criteri-zona-tranquilla"],"yoast_head":"<!-- This site is optimized with the Yoast SEO plugin v28.3 - https:\/\/yoast.com\/product\/yoast-seo-wordpress\/ -->\n<title>Hotel Florenz - Visit Finale Ligure<\/title>\n<meta name=\"description\" content=\"Notre h\u00f4tel a \u00e9t\u00e9 le premier h\u00f4tel MTB\/Bike de Ligurie gr\u00e2ce \u00e0 l&#039;intuition et \u00e0 la pers\u00e9v\u00e9rance de Lorenzo Carlini, qui a transform\u00e9 il y a plus de 30 ans\" \/>\n<meta name=\"robots\" content=\"index, follow, max-snippet:-1, max-image-preview:large, max-video-preview:-1\" \/>\n<link rel=\"canonical\" href=\"https:\/\/visitfinaleligure.it\/fr\/struttura\/hotel-florenz-2\/\" \/>\n<meta property=\"og:locale\" content=\"fr_FR\" \/>\n<meta property=\"og:type\" content=\"article\" \/>\n<meta property=\"og:title\" content=\"Hotel Florenz - Visit Finale Ligure\" \/>\n<meta property=\"og:description\" content=\"Notre h\u00f4tel a \u00e9t\u00e9 le premier h\u00f4tel MTB\/Bike de Ligurie gr\u00e2ce \u00e0 l&#039;intuition et \u00e0 la pers\u00e9v\u00e9rance de Lorenzo Carlini, qui a transform\u00e9 il y a plus de 30 ans\" \/>\n<meta property=\"og:url\" content=\"https:\/\/visitfinaleligure.it\/fr\/struttura\/hotel-florenz-2\/\" \/>\n<meta property=\"og:site_name\" content=\"Visit Finale Ligure\" \/>\n<meta property=\"article:publisher\" content=\"https:\/\/www.facebook.com\/VisitFinaleLigure\" \/>\n<meta property=\"og:image\" content=\"https:\/\/visitfinaleligure.it\/wp-content\/uploads\/2023\/03\/Capo-caprazoppa-1-1.jpg\" \/>\n\t<meta property=\"og:image:width\" content=\"2500\" \/>\n\t<meta property=\"og:image:height\" content=\"1405\" \/>\n\t<meta property=\"og:image:type\" content=\"image\/jpeg\" \/>\n<meta name=\"twitter:card\" content=\"summary_large_image\" \/>\n<meta name=\"twitter:label1\" content=\"Dur\u00e9e de lecture estim\u00e9e\" \/>\n\t<meta name=\"twitter:data1\" content=\"2 minutes\" \/>\n<script type=\"application\/ld+json\" class=\"yoast-schema-graph\">{\"@context\":\"https:\\\/\\\/schema.org\",\"@graph\":[{\"@type\":\"WebPage\",\"@id\":\"https:\\\/\\\/visitfinaleligure.it\\\/fr\\\/struttura\\\/hotel-florenz-2\\\/\",\"url\":\"https:\\\/\\\/visitfinaleligure.it\\\/fr\\\/struttura\\\/hotel-florenz-2\\\/\",\"name\":\"Hotel Florenz - Visit Finale Ligure\",\"isPartOf\":{\"@id\":\"https:\\\/\\\/visitfinaleligure.it\\\/fr\\\/#website\"},\"datePublished\":\"2026-08-27T09:08:21+00:00\",\"description\":\"Notre h\u00f4tel a \u00e9t\u00e9 le premier h\u00f4tel MTB\\\/Bike de Ligurie gr\u00e2ce \u00e0 l'intuition et \u00e0 la pers\u00e9v\u00e9rance de Lorenzo Carlini, qui a transform\u00e9 il y a plus de 30 ans\",\"breadcrumb\":{\"@id\":\"https:\\\/\\\/visitfinaleligure.it\\\/fr\\\/struttura\\\/hotel-florenz-2\\\/#breadcrumb\"},\"inLanguage\":\"fr-FR\",\"potentialAction\":[{\"@type\":\"ReadAction\",\"target\":[\"https:\\\/\\\/visitfinaleligure.it\\\/fr\\\/struttura\\\/hotel-florenz-2\\\/\"]}]},{\"@type\":\"BreadcrumbList\",\"@id\":\"https:\\\/\\\/visitfinaleligure.it\\\/fr\\\/struttura\\\/hotel-florenz-2\\\/#breadcrumb\",\"itemListElement\":[{\"@type\":\"ListItem\",\"position\":1,\"name\":\"Home\",\"item\":\"https:\\\/\\\/visitfinaleligure.it\\\/fr\\\/\"},{\"@type\":\"ListItem\",\"position\":2,\"name\":\"Strutture\",\"item\":\"https:\\\/\\\/visitfinaleligure.it\\\/fr\\\/struttura\\\/\"},{\"@type\":\"ListItem\",\"position\":3,\"name\":\"Hotel Florenz\"}]},{\"@type\":\"WebSite\",\"@id\":\"https:\\\/\\\/visitfinaleligure.it\\\/fr\\\/#website\",\"url\":\"https:\\\/\\\/visitfinaleligure.it\\\/fr\\\/\",\"name\":\"Visit Finale Ligure\",\"description\":\"My perfect place\",\"publisher\":{\"@id\":\"https:\\\/\\\/visitfinaleligure.it\\\/fr\\\/#organization\"},\"potentialAction\":[{\"@type\":\"SearchAction\",\"target\":{\"@type\":\"EntryPoint\",\"urlTemplate\":\"https:\\\/\\\/visitfinaleligure.it\\\/fr\\\/?s={search_term_string}\"},\"query-input\":{\"@type\":\"PropertyValueSpecification\",\"valueRequired\":true,\"valueName\":\"search_term_string\"}}],\"inLanguage\":\"fr-FR\"},{\"@type\":\"Organization\",\"@id\":\"https:\\\/\\\/visitfinaleligure.it\\\/fr\\\/#organization\",\"name\":\"Comune di Finale Ligure\",\"url\":\"https:\\\/\\\/visitfinaleligure.it\\\/fr\\\/\",\"logo\":{\"@type\":\"ImageObject\",\"inLanguage\":\"fr-FR\",\"@id\":\"https:\\\/\\\/visitfinaleligure.it\\\/fr\\\/#\\\/schema\\\/logo\\\/image\\\/\",\"url\":\"https:\\\/\\\/visitfinaleligure.it\\\/wp-content\\\/uploads\\\/2023\\\/04\\\/cropped-finaleligure-verticale-positivo-200x200-1.png\",\"contentUrl\":\"https:\\\/\\\/visitfinaleligure.it\\\/wp-content\\\/uploads\\\/2023\\\/04\\\/cropped-finaleligure-verticale-positivo-200x200-1.png\",\"width\":512,\"height\":512,\"caption\":\"Comune di Finale Ligure\"},\"image\":{\"@id\":\"https:\\\/\\\/visitfinaleligure.it\\\/fr\\\/#\\\/schema\\\/logo\\\/image\\\/\"},\"sameAs\":[\"https:\\\/\\\/www.facebook.com\\\/VisitFinaleLigure\",\"https:\\\/\\\/www.instagram.com\\\/visitfinale\\\/\",\"https:\\\/\\\/www.youtube.com\\\/channel\\\/UCLmoLfNmrAt9mSCll9egttw\"]}]}<\/script>\n<!-- \/ Yoast SEO plugin. -->","yoast_head_json":{"title":"Hotel Florenz - Visit Finale Ligure","description":"Notre h\u00f4tel a \u00e9t\u00e9 le premier h\u00f4tel MTB\/Bike de Ligurie gr\u00e2ce \u00e0 l'intuition et \u00e0 la pers\u00e9v\u00e9rance de Lorenzo Carlini, qui a transform\u00e9 il y a plus de 30 ans","robots":{"index":"index","follow":"follow","max-snippet":"max-snippet:-1","max-image-preview":"max-image-preview:large","max-video-preview":"max-video-preview:-1"},"canonical":"https:\/\/visitfinaleligure.it\/fr\/struttura\/hotel-florenz-2\/","og_locale":"fr_FR","og_type":"article","og_title":"Hotel Florenz - Visit Finale Ligure","og_description":"Notre h\u00f4tel a \u00e9t\u00e9 le premier h\u00f4tel MTB\/Bike de Ligurie gr\u00e2ce \u00e0 l'intuition et \u00e0 la pers\u00e9v\u00e9rance de Lorenzo Carlini, qui a transform\u00e9 il y a plus de 30 ans","og_url":"https:\/\/visitfinaleligure.it\/fr\/struttura\/hotel-florenz-2\/","og_site_name":"Visit Finale Ligure","article_publisher":"https:\/\/www.facebook.com\/VisitFinaleLigure","og_image":[{"width":2500,"height":1405,"url":"https:\/\/visitfinaleligure.it\/wp-content\/uploads\/2023\/03\/Capo-caprazoppa-1-1.jpg","type":"image\/jpeg"}],"twitter_card":"summary_large_image","twitter_misc":{"Dur\u00e9e de lecture estim\u00e9e":"2 minutes"},"schema":{"@context":"https:\/\/schema.org","@graph":[{"@type":"WebPage","@id":"https:\/\/visitfinaleligure.it\/fr\/struttura\/hotel-florenz-2\/","url":"https:\/\/visitfinaleligure.it\/fr\/struttura\/hotel-florenz-2\/","name":"Hotel Florenz - Visit Finale Ligure","isPartOf":{"@id":"https:\/\/visitfinaleligure.it\/fr\/#website"},"datePublished":"2026-08-27T09:08:21+00:00","description":"Notre h\u00f4tel a \u00e9t\u00e9 le premier h\u00f4tel MTB\/Bike de Ligurie gr\u00e2ce \u00e0 l'intuition et \u00e0 la pers\u00e9v\u00e9rance de Lorenzo Carlini, qui a transform\u00e9 il y a plus de 30 ans","breadcrumb":{"@id":"https:\/\/visitfinaleligure.it\/fr\/struttura\/hotel-florenz-2\/#breadcrumb"},"inLanguage":"fr-FR","potentialAction":[{"@type":"ReadAction","target":["https:\/\/visitfinaleligure.it\/fr\/struttura\/hotel-florenz-2\/"]}]},{"@type":"BreadcrumbList","@id":"https:\/\/visitfinaleligure.it\/fr\/struttura\/hotel-florenz-2\/#breadcrumb","itemListElement":[{"@type":"ListItem","position":1,"name":"Home","item":"https:\/\/visitfinaleligure.it\/fr\/"},{"@type":"ListItem","position":2,"name":"Strutture","item":"https:\/\/visitfinaleligure.it\/fr\/struttura\/"},{"@type":"ListItem","position":3,"name":"Hotel Florenz"}]},{"@type":"WebSite","@id":"https:\/\/visitfinaleligure.it\/fr\/#website","url":"https:\/\/visitfinaleligure.it\/fr\/","name":"Visit Finale Ligure","description":"My perfect place","publisher":{"@id":"https:\/\/visitfinaleligure.it\/fr\/#organization"},"potentialAction":[{"@type":"SearchAction","target":{"@type":"EntryPoint","urlTemplate":"https:\/\/visitfinaleligure.it\/fr\/?s={search_term_string}"},"query-input":{"@type":"PropertyValueSpecification","valueRequired":true,"valueName":"search_term_string"}}],"inLanguage":"fr-FR"},{"@type":"Organization","@id":"https:\/\/visitfinaleligure.it\/fr\/#organization","name":"Comune di Finale Ligure","url":"https:\/\/visitfinaleligure.it\/fr\/","logo":{"@type":"ImageObject","inLanguage":"fr-FR","@id":"https:\/\/visitfinaleligure.it\/fr\/#\/schema\/logo\/image\/","url":"https:\/\/visitfinaleligure.it\/wp-content\/uploads\/2023\/04\/cropped-finaleligure-verticale-positivo-200x200-1.png","contentUrl":"https:\/\/visitfinaleligure.it\/wp-content\/uploads\/2023\/04\/cropped-finaleligure-verticale-positivo-200x200-1.png","width":512,"height":512,"caption":"Comune di Finale Ligure"},"image":{"@id":"https:\/\/visitfinaleligure.it\/fr\/#\/schema\/logo\/image\/"},"sameAs":["https:\/\/www.facebook.com\/VisitFinaleLigure","https:\/\/www.instagram.com\/visitfinale\/","https:\/\/www.youtube.com\/channel\/UCLmoLfNmrAt9mSCll9egttw"]}]}},"_links":{"self":[{"href":"https:\/\/visitfinaleligure.it\/fr\/wp-json\/wp\/v2\/struttura\/23589","targetHints":{"allow":["GET"]}}],"collection":[{"href":"https:\/\/visitfinaleligure.it\/fr\/wp-json\/wp\/v2\/struttura"}],"about":[{"href":"https:\/\/visitfinaleligure.it\/fr\/wp-json\/wp\/v2\/types\/struttura"}],"wp:attachment":[{"href":"https:\/\/visitfinaleligure.it\/fr\/wp-json\/wp\/v2\/media?parent=23589"}],"wp:term":[{"taxonomy":"categoria","embeddable":true,"href":"https:\/\/visitfinaleligure.it\/fr\/wp-json\/wp\/v2\/categoria?post=23589"},{"taxonomy":"classificazione","embeddable":true,"href":"https:\/\/visitfinaleligure.it\/fr\/wp-json\/wp\/v2\/classificazione?post=23589"},{"taxonomy":"localita","embeddable":true,"href":"https:\/\/visitfinaleligure.it\/fr\/wp-json\/wp\/v2\/localita?post=23589"},{"taxonomy":"gruppomarketing","embeddable":true,"href":"https:\/\/visitfinaleligure.it\/fr\/wp-json\/wp\/v2\/gruppomarketing?post=23589"},{"taxonomy":"stella","embeddable":true,"href":"https:\/\/visitfinaleligure.it\/fr\/wp-json\/wp\/v2\/stella?post=23589"},{"taxonomy":"criteri","embeddable":true,"href":"https:\/\/visitfinaleligure.it\/fr\/wp-json\/wp\/v2\/criteri?post=23589"}],"curies":[{"name":"wp","href":"https:\/\/api.w.org\/{rel}","templated":true}]}}